{"id":718,"date":"2022-10-13T05:13:36","date_gmt":"2022-10-13T05:13:36","guid":{"rendered":"https:\/\/p-ga7ckg.project.space\/aktualnosci\/"},"modified":"2025-08-25T09:54:26","modified_gmt":"2025-08-25T09:54:26","slug":"aktualnosci","status":"publish","type":"page","link":"https:\/\/www.hs-kabeltechnik.at\/pl\/aktualnosci\/","title":{"rendered":"Aktualno\u015bci"},"content":{"rendered":"\t\t<div data-elementor-type=\"wp-page\" data-elementor-id=\"718\" class=\"elementor elementor-718 elementor-15\" data-elementor-post-type=\"page\">\n\t\t\t\t\t\t<section class=\"elementor-section elementor-top-section elementor-element elementor-element-a24b747 elementor-section-boxed elementor-section-height-default elementor-section-height-default\" data-id=\"a24b747\" data-element_type=\"section\">\n\t\t\t\t\t\t<div class=\"elementor-container elementor-column-gap-default\">\n\t\t\t\t\t<div class=\"elementor-column elementor-col-100 elementor-top-column elementor-element elementor-element-2ba1a7b\" data-id=\"2ba1a7b\" data-element_type=\"column\">\n\t\t\t<div class=\"elementor-widget-wrap elementor-element-populated\">\n\t\t\t\t\t\t<div class=\"elementor-element elementor-element-2cebd5f elementor-grid-tablet-3 elementor-grid-3 elementor-grid-mobile-1 elementor-posts--thumbnail-top elementor-widget elementor-widget-posts\" data-id=\"2cebd5f\" data-element_type=\"widget\" data-settings=\"{&quot;classic_columns_tablet&quot;:&quot;3&quot;,&quot;pagination_type&quot;:&quot;numbers&quot;,&quot;classic_columns&quot;:&quot;3&quot;,&quot;classic_columns_mobile&quot;:&quot;1&quot;,&quot;classic_row_gap&quot;:{&quot;unit&quot;:&quot;px&quot;,&quot;size&quot;:35,&quot;sizes&quot;:[]},&quot;classic_row_gap_tablet&quot;:{&quot;unit&quot;:&quot;px&quot;,&quot;size&quot;:&quot;&quot;,&quot;sizes&quot;:[]},&quot;classic_row_gap_mobile&quot;:{&quot;unit&quot;:&quot;px&quot;,&quot;size&quot;:&quot;&quot;,&quot;sizes&quot;:[]}}\" data-widget_type=\"posts.classic\">\n\t\t\t\t<div class=\"elementor-widget-container\">\n\t\t\t\t\t\t\t<div class=\"elementor-posts-container elementor-posts elementor-posts--skin-classic elementor-grid\" role=\"list\">\n\t\t\t\t<article class=\"elementor-post elementor-grid-item post-15652 post type-post status-publish format-standard has-post-thumbnail category-bez-kategorii tag-20-lecie-hs-kabeltechnik-2 tag-20-lecie-hs-kabeltechnik entry\" role=\"listitem\">\n\t\t\t\t<a class=\"elementor-post__thumbnail__link\" href=\"https:\/\/www.hs-kabeltechnik.at\/pl\/20-lat-hs-kabeltechnik\/\" tabindex=\"-1\" >\n\t\t\t<div class=\"elementor-post__thumbnail\"><img fetchpriority=\"high\" decoding=\"async\" width=\"600\" height=\"350\" src=\"https:\/\/www.hs-kabeltechnik.at\/wp-content\/uploads\/2026\/03\/Bild_Newsbeitrag_20Jahre.jpg\" class=\"attachment-large size-large wp-image-15649\" alt=\"\" srcset=\"https:\/\/www.hs-kabeltechnik.at\/wp-content\/uploads\/2026\/03\/Bild_Newsbeitrag_20Jahre.jpg 600w, https:\/\/www.hs-kabeltechnik.at\/wp-content\/uploads\/2026\/03\/Bild_Newsbeitrag_20Jahre-300x175.jpg 300w\" sizes=\"(max-width: 600px) 100vw, 600px\" \/><\/div>\n\t\t<\/a>\n\t\t\t\t<div class=\"elementor-post__text\">\n\t\t\t\t<h3 class=\"elementor-post__title\">\n\t\t\t<a href=\"https:\/\/www.hs-kabeltechnik.at\/pl\/20-lat-hs-kabeltechnik\/\" >\n\t\t\t\t20 lat H&#038;S Kabeltechnik\t\t\t<\/a>\n\t\t<\/h3>\n\t\t\t\t<div class=\"elementor-post__excerpt\">\n\t\t\t<p>2026: Pow\u00f3d do \u015bwi\u0119towania \u2013 obchodzimy 20-lecie firmy! <\/p>\n\t\t<\/div>\n\t\t\n\t\t<a class=\"elementor-post__read-more\" href=\"https:\/\/www.hs-kabeltechnik.at\/pl\/20-lat-hs-kabeltechnik\/\" aria-label=\"Read more about 20 lat H&#038;S Kabeltechnik\" tabindex=\"-1\" >\n\t\t\tWI\u0118CEJ\t\t<\/a>\n\n\t\t\t\t<\/div>\n\t\t\t\t<\/article>\n\t\t\t\t<article class=\"elementor-post elementor-grid-item post-15275 post type-post status-publish format-standard has-post-thumbnail category-bez-kategorii tag-progetto-fuoco entry\" role=\"listitem\">\n\t\t\t\t<a class=\"elementor-post__thumbnail__link\" href=\"https:\/\/www.hs-kabeltechnik.at\/pl\/progetto-fuoco-2026\/\" tabindex=\"-1\" >\n\t\t\t<div class=\"elementor-post__thumbnail\"><img decoding=\"async\" width=\"1024\" height=\"748\" src=\"https:\/\/www.hs-kabeltechnik.at\/wp-content\/uploads\/2026\/03\/news-hssensortechnik-progettofuoco2026-1024x748.jpg\" class=\"attachment-large size-large wp-image-15274\" alt=\"H&amp;S Sensortechnik na targach Progetto Fuoco 2026\" srcset=\"https:\/\/www.hs-kabeltechnik.at\/wp-content\/uploads\/2026\/03\/news-hssensortechnik-progettofuoco2026-1024x748.jpg 1024w, https:\/\/www.hs-kabeltechnik.at\/wp-content\/uploads\/2026\/03\/news-hssensortechnik-progettofuoco2026-300x219.jpg 300w, https:\/\/www.hs-kabeltechnik.at\/wp-content\/uploads\/2026\/03\/news-hssensortechnik-progettofuoco2026-768x561.jpg 768w, https:\/\/www.hs-kabeltechnik.at\/wp-content\/uploads\/2026\/03\/news-hssensortechnik-progettofuoco2026.jpg 1219w\" sizes=\"(max-width: 1024px) 100vw, 1024px\" \/><\/div>\n\t\t<\/a>\n\t\t\t\t<div class=\"elementor-post__text\">\n\t\t\t\t<h3 class=\"elementor-post__title\">\n\t\t\t<a href=\"https:\/\/www.hs-kabeltechnik.at\/pl\/progetto-fuoco-2026\/\" >\n\t\t\t\tProgetto Fuoco 2026\t\t\t<\/a>\n\t\t<\/h3>\n\t\t\t\t<div class=\"elementor-post__excerpt\">\n\t\t\t<p>2026: R\u00f3wnie\u017c podczas 15. edycji Progetto Fuoco, jednej z najwi\u0119kszych na \u015bwiecie imprez targowych po\u015bwi\u0119conych systemom ogrzewania opartym na biomasie, ponownie zaprezentowali\u015bmy w tym roku technologi\u0119 czujnik\u00f3w H&#038;S.<\/p>\n\t\t<\/div>\n\t\t\n\t\t<a class=\"elementor-post__read-more\" href=\"https:\/\/www.hs-kabeltechnik.at\/pl\/progetto-fuoco-2026\/\" aria-label=\"Read more about Progetto Fuoco 2026\" tabindex=\"-1\" >\n\t\t\tWI\u0118CEJ\t\t<\/a>\n\n\t\t\t\t<\/div>\n\t\t\t\t<\/article>\n\t\t\t\t<article class=\"elementor-post elementor-grid-item post-14313 post type-post status-publish format-standard has-post-thumbnail category-bez-kategorii tag-przyszle-targi tag-targi-przyszlosci-schaerding entry\" role=\"listitem\">\n\t\t\t\t<a class=\"elementor-post__thumbnail__link\" href=\"https:\/\/www.hs-kabeltechnik.at\/pl\/targi-przyszlosci-schaerding-2025\/\" tabindex=\"-1\" >\n\t\t\t<div class=\"elementor-post__thumbnail\"><img decoding=\"async\" width=\"1024\" height=\"682\" src=\"https:\/\/www.hs-kabeltechnik.at\/wp-content\/uploads\/2025\/10\/2510_Zukunftsmesse_T1-1024x682.png\" class=\"attachment-large size-large wp-image-14294\" alt=\"Standpersonal Tag 1 Zukunftsmesse 2025\" srcset=\"https:\/\/www.hs-kabeltechnik.at\/wp-content\/uploads\/2025\/10\/2510_Zukunftsmesse_T1-1024x682.png 1024w, https:\/\/www.hs-kabeltechnik.at\/wp-content\/uploads\/2025\/10\/2510_Zukunftsmesse_T1-300x200.png 300w, https:\/\/www.hs-kabeltechnik.at\/wp-content\/uploads\/2025\/10\/2510_Zukunftsmesse_T1-768x512.png 768w, https:\/\/www.hs-kabeltechnik.at\/wp-content\/uploads\/2025\/10\/2510_Zukunftsmesse_T1.png 1184w\" sizes=\"(max-width: 1024px) 100vw, 1024px\" \/><\/div>\n\t\t<\/a>\n\t\t\t\t<div class=\"elementor-post__text\">\n\t\t\t\t<h3 class=\"elementor-post__title\">\n\t\t\t<a href=\"https:\/\/www.hs-kabeltechnik.at\/pl\/targi-przyszlosci-schaerding-2025\/\" >\n\t\t\t\tTargi Przysz\u0142o\u015bci Sch\u00e4rding 2025\t\t\t<\/a>\n\t\t<\/h3>\n\t\t\t\t<div class=\"elementor-post__excerpt\">\n\t\t\t<p>2025: W dniach 17 i 18 pa\u017adziernika 2025 r. Targi Przysz\u0142o\u015bci Sch\u00e4rding ponownie otworzy\u0142y swoje drzwi, a my byli\u015bmy tam jako wystawcy. Wi\u0119cej informacji mo\u017cna znale\u017a\u0107 tutaj.<\/p>\n\t\t<\/div>\n\t\t\n\t\t<a class=\"elementor-post__read-more\" href=\"https:\/\/www.hs-kabeltechnik.at\/pl\/targi-przyszlosci-schaerding-2025\/\" aria-label=\"Read more about Targi Przysz\u0142o\u015bci Sch\u00e4rding 2025\" tabindex=\"-1\" >\n\t\t\tWI\u0118CEJ\t\t<\/a>\n\n\t\t\t\t<\/div>\n\t\t\t\t<\/article>\n\t\t\t\t<article class=\"elementor-post elementor-grid-item post-11587 post type-post status-publish format-standard has-post-thumbnail category-non-classifiee tag-expobiomasa-pl entry\" role=\"listitem\">\n\t\t\t\t<a class=\"elementor-post__thumbnail__link\" href=\"https:\/\/www.hs-kabeltechnik.at\/pl\/expobiomasa-valladolid-2025\/\" tabindex=\"-1\" >\n\t\t\t<div class=\"elementor-post__thumbnail\"><img loading=\"lazy\" decoding=\"async\" width=\"1024\" height=\"577\" src=\"https:\/\/www.hs-kabeltechnik.at\/wp-content\/uploads\/2025\/05\/Fahnen-Eingang-HS-Sensortechnik-1024x577.jpg\" class=\"attachment-large size-large wp-image-11562\" alt=\"Expobiomasa Valladolid Hiszpania\" srcset=\"https:\/\/www.hs-kabeltechnik.at\/wp-content\/uploads\/2025\/05\/Fahnen-Eingang-HS-Sensortechnik-1024x577.jpg 1024w, https:\/\/www.hs-kabeltechnik.at\/wp-content\/uploads\/2025\/05\/Fahnen-Eingang-HS-Sensortechnik-300x169.jpg 300w, https:\/\/www.hs-kabeltechnik.at\/wp-content\/uploads\/2025\/05\/Fahnen-Eingang-HS-Sensortechnik-768x432.jpg 768w, https:\/\/www.hs-kabeltechnik.at\/wp-content\/uploads\/2025\/05\/Fahnen-Eingang-HS-Sensortechnik-1536x865.jpg 1536w, https:\/\/www.hs-kabeltechnik.at\/wp-content\/uploads\/2025\/05\/Fahnen-Eingang-HS-Sensortechnik-2048x1153.jpg 2048w\" sizes=\"(max-width: 1024px) 100vw, 1024px\" \/><\/div>\n\t\t<\/a>\n\t\t\t\t<div class=\"elementor-post__text\">\n\t\t\t\t<h3 class=\"elementor-post__title\">\n\t\t\t<a href=\"https:\/\/www.hs-kabeltechnik.at\/pl\/expobiomasa-valladolid-2025\/\" >\n\t\t\t\tExpobiomasa Valladolid 2025\t\t\t<\/a>\n\t\t<\/h3>\n\t\t\t\t<div class=\"elementor-post__excerpt\">\n\t\t\t<p>2025: Wydajne rozwi\u0105zania i zasoby odnawialne charakteryzowa\u0142y targi Expobiomasa w Valladolid. W ramach WKO Aussenwirtschaft prezentujemy nasze produkty szerokiej, mi\u0119dzynarodowej publiczno\u015bci.<\/p>\n\t\t<\/div>\n\t\t\n\t\t<a class=\"elementor-post__read-more\" href=\"https:\/\/www.hs-kabeltechnik.at\/pl\/expobiomasa-valladolid-2025\/\" aria-label=\"Read more about Expobiomasa Valladolid 2025\" tabindex=\"-1\" >\n\t\t\tWI\u0118CEJ\t\t<\/a>\n\n\t\t\t\t<\/div>\n\t\t\t\t<\/article>\n\t\t\t\t<article class=\"elementor-post elementor-grid-item post-11359 post type-post status-publish format-standard has-post-thumbnail category-bez-kategorii tag-ish-pl entry\" role=\"listitem\">\n\t\t\t\t<a class=\"elementor-post__thumbnail__link\" href=\"https:\/\/www.hs-kabeltechnik.at\/pl\/ish-frankfurt-2025\/\" tabindex=\"-1\" >\n\t\t\t<div class=\"elementor-post__thumbnail\"><img loading=\"lazy\" decoding=\"async\" width=\"1024\" height=\"825\" src=\"https:\/\/www.hs-kabeltechnik.at\/wp-content\/uploads\/2025\/03\/Messestand-2025-Messestand-mit-neuem-Design-ISH-1024x825.png\" class=\"attachment-large size-large wp-image-11323\" alt=\"Stoisko targowe 2025 Stoisko targowe z nowym designem ISH\" srcset=\"https:\/\/www.hs-kabeltechnik.at\/wp-content\/uploads\/2025\/03\/Messestand-2025-Messestand-mit-neuem-Design-ISH-1024x825.png 1024w, https:\/\/www.hs-kabeltechnik.at\/wp-content\/uploads\/2025\/03\/Messestand-2025-Messestand-mit-neuem-Design-ISH-300x242.png 300w, https:\/\/www.hs-kabeltechnik.at\/wp-content\/uploads\/2025\/03\/Messestand-2025-Messestand-mit-neuem-Design-ISH-768x618.png 768w, https:\/\/www.hs-kabeltechnik.at\/wp-content\/uploads\/2025\/03\/Messestand-2025-Messestand-mit-neuem-Design-ISH-1536x1237.png 1536w, https:\/\/www.hs-kabeltechnik.at\/wp-content\/uploads\/2025\/03\/Messestand-2025-Messestand-mit-neuem-Design-ISH-2048x1649.png 2048w\" sizes=\"(max-width: 1024px) 100vw, 1024px\" \/><\/div>\n\t\t<\/a>\n\t\t\t\t<div class=\"elementor-post__text\">\n\t\t\t\t<h3 class=\"elementor-post__title\">\n\t\t\t<a href=\"https:\/\/www.hs-kabeltechnik.at\/pl\/ish-frankfurt-2025\/\" >\n\t\t\t\tISH Frankfurt 2025\t\t\t<\/a>\n\t\t<\/h3>\n\t\t\t\t<div class=\"elementor-post__excerpt\">\n\t\t\t<p>2025: Cyfryzacja i zr\u00f3wnowa\u017cony rozw\u00f3j &#8211; tegoroczne targi ISH we Frankfurcie pokazuj\u0105 drog\u0119 w przysz\u0142o\u015b\u0107 dzi\u0119ki innowacyjnym produktom. My w H&#038;S r\u00f3wnie\u017c zaprezentowali\u015bmy dwa nowe produkty w naszym portfolio.<\/p>\n\t\t<\/div>\n\t\t\n\t\t<a class=\"elementor-post__read-more\" href=\"https:\/\/www.hs-kabeltechnik.at\/pl\/ish-frankfurt-2025\/\" aria-label=\"Read more about ISH Frankfurt 2025\" tabindex=\"-1\" >\n\t\t\tWI\u0118CEJ\t\t<\/a>\n\n\t\t\t\t<\/div>\n\t\t\t\t<\/article>\n\t\t\t\t<article class=\"elementor-post elementor-grid-item post-10547 post type-post status-publish format-standard has-post-thumbnail category-bez-kategorii tag-electronica-pl tag-munich-pl entry\" role=\"listitem\">\n\t\t\t\t<a class=\"elementor-post__thumbnail__link\" href=\"https:\/\/www.hs-kabeltechnik.at\/pl\/electronica-munich-2024\/\" tabindex=\"-1\" >\n\t\t\t<div class=\"elementor-post__thumbnail\"><img loading=\"lazy\" decoding=\"async\" width=\"577\" height=\"1024\" src=\"https:\/\/www.hs-kabeltechnik.at\/wp-content\/uploads\/2024\/11\/Visit-us-577x1024.png\" class=\"attachment-large size-large wp-image-10505\" alt=\"Odwied\u017a nas - Electronica\" srcset=\"https:\/\/www.hs-kabeltechnik.at\/wp-content\/uploads\/2024\/11\/Visit-us-577x1024.png 577w, https:\/\/www.hs-kabeltechnik.at\/wp-content\/uploads\/2024\/11\/Visit-us-169x300.png 169w, https:\/\/www.hs-kabeltechnik.at\/wp-content\/uploads\/2024\/11\/Visit-us-768x1364.png 768w, https:\/\/www.hs-kabeltechnik.at\/wp-content\/uploads\/2024\/11\/Visit-us-865x1536.png 865w, https:\/\/www.hs-kabeltechnik.at\/wp-content\/uploads\/2024\/11\/Visit-us-1153x2048.png 1153w\" sizes=\"(max-width: 577px) 100vw, 577px\" \/><\/div>\n\t\t<\/a>\n\t\t\t\t<div class=\"elementor-post__text\">\n\t\t\t\t<h3 class=\"elementor-post__title\">\n\t\t\t<a href=\"https:\/\/www.hs-kabeltechnik.at\/pl\/electronica-munich-2024\/\" >\n\t\t\t\tElectronica Munich 2024\t\t\t<\/a>\n\t\t<\/h3>\n\t\t\t\t<div class=\"elementor-post__excerpt\">\n\t\t\t<p>2024: Przysz\u0142o\u015b\u0107 spotyka si\u0119 z tera\u017aniejszo\u015bci\u0105 na targach Electronica w Monachium. H&#038;S by\u0142o jednym z 3480 wystawc\u00f3w &#8211; dzi\u0119kujemy za wizyt\u0119!<\/p>\n\t\t<\/div>\n\t\t\n\t\t<a class=\"elementor-post__read-more\" href=\"https:\/\/www.hs-kabeltechnik.at\/pl\/electronica-munich-2024\/\" aria-label=\"Read more about Electronica Munich 2024\" tabindex=\"-1\" >\n\t\t\tWI\u0118CEJ\t\t<\/a>\n\n\t\t\t\t<\/div>\n\t\t\t\t<\/article>\n\t\t\t\t<article class=\"elementor-post elementor-grid-item post-10458 post type-post status-publish format-standard has-post-thumbnail category-bez-kategorii tag-przyszle-targi entry\" role=\"listitem\">\n\t\t\t\t<a class=\"elementor-post__thumbnail__link\" href=\"https:\/\/www.hs-kabeltechnik.at\/pl\/targi-przyszlosci-schaerding-2024\/\" tabindex=\"-1\" >\n\t\t\t<div class=\"elementor-post__thumbnail\"><img loading=\"lazy\" decoding=\"async\" width=\"1024\" height=\"683\" src=\"https:\/\/www.hs-kabeltechnik.at\/wp-content\/uploads\/2024\/11\/Andreas-Melanie-Jonas-Lehrlingsmesse-1024x683.jpg\" class=\"attachment-large size-large wp-image-10402\" alt=\"Future Fair nasz personel stoiska w dniu 1\" srcset=\"https:\/\/www.hs-kabeltechnik.at\/wp-content\/uploads\/2024\/11\/Andreas-Melanie-Jonas-Lehrlingsmesse-1024x683.jpg 1024w, https:\/\/www.hs-kabeltechnik.at\/wp-content\/uploads\/2024\/11\/Andreas-Melanie-Jonas-Lehrlingsmesse-300x200.jpg 300w, https:\/\/www.hs-kabeltechnik.at\/wp-content\/uploads\/2024\/11\/Andreas-Melanie-Jonas-Lehrlingsmesse-768x512.jpg 768w, https:\/\/www.hs-kabeltechnik.at\/wp-content\/uploads\/2024\/11\/Andreas-Melanie-Jonas-Lehrlingsmesse-1536x1024.jpg 1536w, https:\/\/www.hs-kabeltechnik.at\/wp-content\/uploads\/2024\/11\/Andreas-Melanie-Jonas-Lehrlingsmesse-2048x1365.jpg 2048w\" sizes=\"(max-width: 1024px) 100vw, 1024px\" \/><\/div>\n\t\t<\/a>\n\t\t\t\t<div class=\"elementor-post__text\">\n\t\t\t\t<h3 class=\"elementor-post__title\">\n\t\t\t<a href=\"https:\/\/www.hs-kabeltechnik.at\/pl\/targi-przyszlosci-schaerding-2024\/\" >\n\t\t\t\tTargi przysz\u0142o\u015bci Sch\u00e4rding 2024\t\t\t<\/a>\n\t\t<\/h3>\n\t\t\t\t<div class=\"elementor-post__excerpt\">\n\t\t\t<p>2024: Z 71 wystawcami, Targi Przysz\u0142o\u015bci s\u0105 jednymi z najwa\u017cniejszych targ\u00f3w dla m\u0142odych ludzi i kariery w regionie. Wi\u0119cej szczeg\u00f3\u0142\u00f3w mo\u017cna znale\u017a\u0107 tutaj.<\/p>\n\t\t<\/div>\n\t\t\n\t\t<a class=\"elementor-post__read-more\" href=\"https:\/\/www.hs-kabeltechnik.at\/pl\/targi-przyszlosci-schaerding-2024\/\" aria-label=\"Read more about Targi przysz\u0142o\u015bci Sch\u00e4rding 2024\" tabindex=\"-1\" >\n\t\t\tWI\u0118CEJ\t\t<\/a>\n\n\t\t\t\t<\/div>\n\t\t\t\t<\/article>\n\t\t\t\t<article class=\"elementor-post elementor-grid-item post-9607 post type-post status-publish format-standard has-post-thumbnail category-bez-kategorii tag-srodowisko entry\" role=\"listitem\">\n\t\t\t\t<a class=\"elementor-post__thumbnail__link\" href=\"https:\/\/www.hs-kabeltechnik.at\/pl\/hs-kabeltechnik-wciaz-sie-rozwija\/\" tabindex=\"-1\" >\n\t\t\t<div class=\"elementor-post__thumbnail\"><img loading=\"lazy\" decoding=\"async\" width=\"1024\" height=\"768\" src=\"https:\/\/www.hs-kabeltechnik.at\/wp-content\/uploads\/2024\/03\/Spatenstich-1024x768.jpg\" class=\"attachment-large size-large wp-image-9597\" alt=\"Ceremonia wmurowania kamienia w\u0119gielnego w H&amp;S Kabeltechnik\" srcset=\"https:\/\/www.hs-kabeltechnik.at\/wp-content\/uploads\/2024\/03\/Spatenstich-1024x768.jpg 1024w, https:\/\/www.hs-kabeltechnik.at\/wp-content\/uploads\/2024\/03\/Spatenstich-300x225.jpg 300w, https:\/\/www.hs-kabeltechnik.at\/wp-content\/uploads\/2024\/03\/Spatenstich-768x576.jpg 768w, https:\/\/www.hs-kabeltechnik.at\/wp-content\/uploads\/2024\/03\/Spatenstich-1536x1152.jpg 1536w, https:\/\/www.hs-kabeltechnik.at\/wp-content\/uploads\/2024\/03\/Spatenstich-2048x1536.jpg 2048w, https:\/\/www.hs-kabeltechnik.at\/wp-content\/uploads\/2024\/03\/Spatenstich-702x526.jpg 702w\" sizes=\"(max-width: 1024px) 100vw, 1024px\" \/><\/div>\n\t\t<\/a>\n\t\t\t\t<div class=\"elementor-post__text\">\n\t\t\t\t<h3 class=\"elementor-post__title\">\n\t\t\t<a href=\"https:\/\/www.hs-kabeltechnik.at\/pl\/hs-kabeltechnik-wciaz-sie-rozwija\/\" >\n\t\t\t\tH&#038;S Kabeltechnik wci\u0105\u017c si\u0119 rozwija!\t\t\t<\/a>\n\t\t<\/h3>\n\t\t\t\t<div class=\"elementor-post__excerpt\">\n\t\t\t<p>2024: H&#038;S Kabeltechnik powi\u0119ksza swoj\u0105 siedzib\u0119 w Enzenkirchen o 1 950 m\u00b2.<\/p>\n\t\t<\/div>\n\t\t\n\t\t<a class=\"elementor-post__read-more\" href=\"https:\/\/www.hs-kabeltechnik.at\/pl\/hs-kabeltechnik-wciaz-sie-rozwija\/\" aria-label=\"Read more about H&#038;S Kabeltechnik wci\u0105\u017c si\u0119 rozwija!\" tabindex=\"-1\" >\n\t\t\tWI\u0118CEJ\t\t<\/a>\n\n\t\t\t\t<\/div>\n\t\t\t\t<\/article>\n\t\t\t\t<article class=\"elementor-post elementor-grid-item post-9568 post type-post status-publish format-standard has-post-thumbnail category-bez-kategorii tag-srodowisko entry\" role=\"listitem\">\n\t\t\t\t<a class=\"elementor-post__thumbnail__link\" href=\"https:\/\/www.hs-kabeltechnik.at\/pl\/messe-progetto-fuoco-2024\/\" tabindex=\"-1\" >\n\t\t\t<div class=\"elementor-post__thumbnail\"><img loading=\"lazy\" decoding=\"async\" width=\"1024\" height=\"510\" src=\"https:\/\/www.hs-kabeltechnik.at\/wp-content\/uploads\/2024\/03\/Messestand-Progetto-Fuoco-HS-Sensortechnik-1024x510.jpg\" class=\"attachment-large size-large wp-image-9536\" alt=\"Messe Progetto Fuoco H&amp;S Sensortechnik\" srcset=\"https:\/\/www.hs-kabeltechnik.at\/wp-content\/uploads\/2024\/03\/Messestand-Progetto-Fuoco-HS-Sensortechnik-1024x510.jpg 1024w, https:\/\/www.hs-kabeltechnik.at\/wp-content\/uploads\/2024\/03\/Messestand-Progetto-Fuoco-HS-Sensortechnik-300x149.jpg 300w, https:\/\/www.hs-kabeltechnik.at\/wp-content\/uploads\/2024\/03\/Messestand-Progetto-Fuoco-HS-Sensortechnik-768x382.jpg 768w, https:\/\/www.hs-kabeltechnik.at\/wp-content\/uploads\/2024\/03\/Messestand-Progetto-Fuoco-HS-Sensortechnik-1536x765.jpg 1536w, https:\/\/www.hs-kabeltechnik.at\/wp-content\/uploads\/2024\/03\/Messestand-Progetto-Fuoco-HS-Sensortechnik-2048x1019.jpg 2048w\" sizes=\"(max-width: 1024px) 100vw, 1024px\" \/><\/div>\n\t\t<\/a>\n\t\t\t\t<div class=\"elementor-post__text\">\n\t\t\t\t<h3 class=\"elementor-post__title\">\n\t\t\t<a href=\"https:\/\/www.hs-kabeltechnik.at\/pl\/messe-progetto-fuoco-2024\/\" >\n\t\t\t\tMesse Progetto Fuoco 2024\t\t\t<\/a>\n\t\t<\/h3>\n\t\t\t\t<div class=\"elementor-post__excerpt\">\n\t\t\t<p>2024: Dzi\u0119kujemy za wizyt\u0119! Mo\u017cemy spojrze\u0107 wstecz na wszechstronnie udan\u0105 14. edycj\u0119 targ\u00f3w w Weronie.<\/p>\n\t\t<\/div>\n\t\t\n\t\t<a class=\"elementor-post__read-more\" href=\"https:\/\/www.hs-kabeltechnik.at\/pl\/messe-progetto-fuoco-2024\/\" aria-label=\"Read more about Messe Progetto Fuoco 2024\" tabindex=\"-1\" >\n\t\t\tWI\u0118CEJ\t\t<\/a>\n\n\t\t\t\t<\/div>\n\t\t\t\t<\/article>\n\t\t\t\t<article class=\"elementor-post elementor-grid-item post-7804 post type-post status-publish format-standard has-post-thumbnail category-bez-kategorii tag-srodowisko entry\" role=\"listitem\">\n\t\t\t\t<a class=\"elementor-post__thumbnail__link\" href=\"https:\/\/www.hs-kabeltechnik.at\/pl\/dawanie-radosci-boze-narodzenie-w-pudelku-po-butach\/\" tabindex=\"-1\" >\n\t\t\t<div class=\"elementor-post__thumbnail\"><img loading=\"lazy\" decoding=\"async\" width=\"976\" height=\"1024\" src=\"https:\/\/www.hs-kabeltechnik.at\/wp-content\/uploads\/2023\/11\/Weihnachten-im-Schuhkarton-976x1024.png\" class=\"attachment-large size-large wp-image-7709\" alt=\"Christmas presents for a good cause\" srcset=\"https:\/\/www.hs-kabeltechnik.at\/wp-content\/uploads\/2023\/11\/Weihnachten-im-Schuhkarton-976x1024.png 976w, https:\/\/www.hs-kabeltechnik.at\/wp-content\/uploads\/2023\/11\/Weihnachten-im-Schuhkarton-286x300.png 286w, https:\/\/www.hs-kabeltechnik.at\/wp-content\/uploads\/2023\/11\/Weihnachten-im-Schuhkarton-768x806.png 768w, https:\/\/www.hs-kabeltechnik.at\/wp-content\/uploads\/2023\/11\/Weihnachten-im-Schuhkarton-1463x1536.png 1463w, https:\/\/www.hs-kabeltechnik.at\/wp-content\/uploads\/2023\/11\/Weihnachten-im-Schuhkarton.png 1816w\" sizes=\"(max-width: 976px) 100vw, 976px\" \/><\/div>\n\t\t<\/a>\n\t\t\t\t<div class=\"elementor-post__text\">\n\t\t\t\t<h3 class=\"elementor-post__title\">\n\t\t\t<a href=\"https:\/\/www.hs-kabeltechnik.at\/pl\/dawanie-radosci-boze-narodzenie-w-pudelku-po-butach\/\" >\n\t\t\t\tDawanie rado\u015bci: Bo\u017ce Narodzenie w pude\u0142ku po butach\t\t\t<\/a>\n\t\t<\/h3>\n\t\t\t\t<div class=\"elementor-post__excerpt\">\n\t\t\t<p>2023: Dawanie rado\u015bci &#8211; H&#038;S Kabeltechnik po raz 2. bierze udzia\u0142 w akcji &#8222;Gwiazdka w pude\u0142ku po butach&#8221;.<\/p>\n\t\t<\/div>\n\t\t\n\t\t<a class=\"elementor-post__read-more\" href=\"https:\/\/www.hs-kabeltechnik.at\/pl\/dawanie-radosci-boze-narodzenie-w-pudelku-po-butach\/\" aria-label=\"Read more about Dawanie rado\u015bci: Bo\u017ce Narodzenie w pude\u0142ku po butach\" tabindex=\"-1\" >\n\t\t\tWI\u0118CEJ\t\t<\/a>\n\n\t\t\t\t<\/div>\n\t\t\t\t<\/article>\n\t\t\t\t<article class=\"elementor-post elementor-grid-item post-7506 post type-post status-publish format-standard has-post-thumbnail category-bez-kategorii tag-srodowisko entry\" role=\"listitem\">\n\t\t\t\t<a class=\"elementor-post__thumbnail__link\" href=\"https:\/\/www.hs-kabeltechnik.at\/pl\/ponowne-uruchomienie-strony-internetowej-hs-sensortechnik\/\" tabindex=\"-1\" >\n\t\t\t<div class=\"elementor-post__thumbnail\"><img loading=\"lazy\" decoding=\"async\" width=\"542\" height=\"401\" src=\"https:\/\/www.hs-kabeltechnik.at\/wp-content\/uploads\/2023\/11\/Shop-HS-Sensortechnik-Relaunch-Bild.jpg\" class=\"attachment-large size-large wp-image-7472\" alt=\"Shop H&amp;S Sensortechnik Relaunch\" srcset=\"https:\/\/www.hs-kabeltechnik.at\/wp-content\/uploads\/2023\/11\/Shop-HS-Sensortechnik-Relaunch-Bild.jpg 542w, https:\/\/www.hs-kabeltechnik.at\/wp-content\/uploads\/2023\/11\/Shop-HS-Sensortechnik-Relaunch-Bild-300x222.jpg 300w\" sizes=\"(max-width: 542px) 100vw, 542px\" \/><\/div>\n\t\t<\/a>\n\t\t\t\t<div class=\"elementor-post__text\">\n\t\t\t\t<h3 class=\"elementor-post__title\">\n\t\t\t<a href=\"https:\/\/www.hs-kabeltechnik.at\/pl\/ponowne-uruchomienie-strony-internetowej-hs-sensortechnik\/\" >\n\t\t\t\tPonowne uruchomienie strony internetowej H&#038;S Sensortechnik\t\t\t<\/a>\n\t\t<\/h3>\n\t\t\t\t<div class=\"elementor-post__excerpt\">\n\t\t\t<p>2023: Czas na lifting &#8211; H&#038;S Sensortechnik ma now\u0105 stron\u0119 internetow\u0105 i sklep.<\/p>\n\t\t<\/div>\n\t\t\n\t\t<a class=\"elementor-post__read-more\" href=\"https:\/\/www.hs-kabeltechnik.at\/pl\/ponowne-uruchomienie-strony-internetowej-hs-sensortechnik\/\" aria-label=\"Read more about Ponowne uruchomienie strony internetowej H&#038;S Sensortechnik\" tabindex=\"-1\" >\n\t\t\tWI\u0118CEJ\t\t<\/a>\n\n\t\t\t\t<\/div>\n\t\t\t\t<\/article>\n\t\t\t\t<article class=\"elementor-post elementor-grid-item post-7514 post type-post status-publish format-standard has-post-thumbnail category-bez-kategorii tag-srodowisko entry\" role=\"listitem\">\n\t\t\t\t<a class=\"elementor-post__thumbnail__link\" href=\"https:\/\/www.hs-kabeltechnik.at\/pl\/hs-kabeltechnik-w-swiatecznym-nastroju\/\" tabindex=\"-1\" >\n\t\t\t<div class=\"elementor-post__thumbnail\"><img loading=\"lazy\" decoding=\"async\" width=\"1024\" height=\"576\" src=\"https:\/\/www.hs-kabeltechnik.at\/wp-content\/uploads\/2023\/09\/P1040492-1024x576.jpg\" class=\"attachment-large size-large wp-image-7460\" alt=\"Sommerfest 2023 H&amp;S Kabeltechnik\" srcset=\"https:\/\/www.hs-kabeltechnik.at\/wp-content\/uploads\/2023\/09\/P1040492-1024x576.jpg 1024w, https:\/\/www.hs-kabeltechnik.at\/wp-content\/uploads\/2023\/09\/P1040492-300x169.jpg 300w, https:\/\/www.hs-kabeltechnik.at\/wp-content\/uploads\/2023\/09\/P1040492-768x432.jpg 768w, https:\/\/www.hs-kabeltechnik.at\/wp-content\/uploads\/2023\/09\/P1040492-1536x864.jpg 1536w, https:\/\/www.hs-kabeltechnik.at\/wp-content\/uploads\/2023\/09\/P1040492-2048x1152.jpg 2048w\" sizes=\"(max-width: 1024px) 100vw, 1024px\" \/><\/div>\n\t\t<\/a>\n\t\t\t\t<div class=\"elementor-post__text\">\n\t\t\t\t<h3 class=\"elementor-post__title\">\n\t\t\t<a href=\"https:\/\/www.hs-kabeltechnik.at\/pl\/hs-kabeltechnik-w-swiatecznym-nastroju\/\" >\n\t\t\t\tH&#038;S Kabeltechnik w \u015bwi\u0105tecznym nastroju\t\t\t<\/a>\n\t\t<\/h3>\n\t\t\t\t<div class=\"elementor-post__excerpt\">\n\t\t\t<p>2023: H&#038;S w \u015bwi\u0105tecznym nastroju. Coroczna letnia impreza z udzia\u0142em wszystkich pracownik\u00f3w to dla nas tradycja.<\/p>\n\t\t<\/div>\n\t\t\n\t\t<a class=\"elementor-post__read-more\" href=\"https:\/\/www.hs-kabeltechnik.at\/pl\/hs-kabeltechnik-w-swiatecznym-nastroju\/\" aria-label=\"Read more about H&#038;S Kabeltechnik w \u015bwi\u0105tecznym nastroju\" tabindex=\"-1\" >\n\t\t\tWI\u0118CEJ\t\t<\/a>\n\n\t\t\t\t<\/div>\n\t\t\t\t<\/article>\n\t\t\t\t<\/div>\n\t\t\n\t\t\t\t<div class=\"e-load-more-anchor\" data-page=\"1\" data-max-page=\"3\" data-next-page=\"https:\/\/www.hs-kabeltechnik.at\/pl\/wp-json\/wp\/v2\/pages\/718\/page\/2\/\"><\/div>\n\t\t\t\t<nav class=\"elementor-pagination\" aria-label=\"Paginacja\">\n\t\t\t<span aria-current=\"page\" class=\"page-numbers current\"><span class=\"elementor-screen-only\">Strona<\/span>1<\/span>\n<a class=\"page-numbers\" href=\"https:\/\/www.hs-kabeltechnik.at\/pl\/wp-json\/wp\/v2\/pages\/718\/page\/2\/\"><span class=\"elementor-screen-only\">Strona<\/span>2<\/a>\n<a class=\"page-numbers\" href=\"https:\/\/www.hs-kabeltechnik.at\/pl\/wp-json\/wp\/v2\/pages\/718\/page\/3\/\"><span class=\"elementor-screen-only\">Strona<\/span>3<\/a>\t\t<\/nav>\n\t\t\t\t\t\t<\/div>\n\t\t\t\t<\/div>\n\t\t\t\t\t<\/div>\n\t\t<\/div>\n\t\t\t\t\t<\/div>\n\t\t<\/section>\n\t\t\t\t<section class=\"elementor-section elementor-top-section elementor-element elementor-element-7d5d74e4 elementor-section-full_width elementor-section-stretched elementor-section-height-default elementor-section-height-default\" data-id=\"7d5d74e4\" data-element_type=\"section\" data-settings=\"{&quot;stretch_section&quot;:&quot;section-stretched&quot;,&quot;background_background&quot;:&quot;classic&quot;}\">\n\t\t\t\t\t\t<div class=\"elementor-container elementor-column-gap-default\">\n\t\t\t\t\t<div class=\"elementor-column elementor-col-100 elementor-top-column elementor-element elementor-element-bd0e275\" data-id=\"bd0e275\" data-element_type=\"column\">\n\t\t\t<div class=\"elementor-widget-wrap elementor-element-populated\">\n\t\t\t\t\t\t<section class=\"elementor-section elementor-inner-section elementor-element elementor-element-216436f7 elementor-section-boxed elementor-section-height-default elementor-section-height-default\" data-id=\"216436f7\" data-element_type=\"section\">\n\t\t\t\t\t\t<div class=\"elementor-container elementor-column-gap-default\">\n\t\t\t\t\t<div class=\"elementor-column elementor-col-20 elementor-inner-column elementor-element elementor-element-7eca3800\" data-id=\"7eca3800\" data-element_type=\"column\">\n\t\t\t<div class=\"elementor-widget-wrap elementor-element-populated\">\n\t\t\t\t\t\t<div class=\"elementor-element elementor-element-34422180 elementor-widget elementor-widget-heading\" data-id=\"34422180\" data-element_type=\"widget\" data-widget_type=\"heading.default\">\n\t\t\t\t<div class=\"elementor-widget-container\">\n\t\t\t\t\t<h3 class=\"elementor-heading-title elementor-size-default\">Chcesz nas lepiej pozna\u0107?<\/h3>\t\t\t\t<\/div>\n\t\t\t\t<\/div>\n\t\t\t\t<div class=\"elementor-element elementor-element-d8a9ffc elementor-widget elementor-widget-text-editor\" data-id=\"d8a9ffc\" data-element_type=\"widget\" data-widget_type=\"text-editor.default\">\n\t\t\t\t<div class=\"elementor-widget-container\">\n\t\t\t\t\t\t\t\t\t<p>Na naszych kana\u0142ach spo\u0142eczno\u015bciowych znajdziesz prawdziwe wra\u017cenia dotycz\u0105ce naszej filozofii. Bez \u017cadnych filtr\u00f3w, po prostu takimi, jakimi naprawd\u0119 jeste\u015bmy.<\/p>\n\t\t\t\t\t\t\t\t<\/div>\n\t\t\t\t<\/div>\n\t\t\t\t\t<\/div>\n\t\t<\/div>\n\t\t\t\t<div class=\"elementor-column elementor-col-20 elementor-inner-column elementor-element elementor-element-10820d0c\" data-id=\"10820d0c\" data-element_type=\"column\">\n\t\t\t<div class=\"elementor-widget-wrap elementor-element-populated\">\n\t\t\t\t\t\t<div class=\"elementor-element elementor-element-6841db8 elementor-view-default elementor-widget elementor-widget-icon\" data-id=\"6841db8\" data-element_type=\"widget\" data-widget_type=\"icon.default\">\n\t\t\t\t<div class=\"elementor-widget-container\">\n\t\t\t\t\t\t\t<div class=\"elementor-icon-wrapper\">\n\t\t\t<a class=\"elementor-icon elementor-animation-shrink\" href=\"https:\/\/www.facebook.com\/profile.php?id=100057350804699\" rel=\"noopener\">\n\t\t\t<i aria-hidden=\"true\" class=\"icon icon-Facebook\"><\/i>\t\t\t<\/a>\n\t\t<\/div>\n\t\t\t\t\t\t<\/div>\n\t\t\t\t<\/div>\n\t\t\t\t\t<\/div>\n\t\t<\/div>\n\t\t\t\t<div class=\"elementor-column elementor-col-20 elementor-inner-column elementor-element elementor-element-289b380c\" data-id=\"289b380c\" data-element_type=\"column\">\n\t\t\t<div class=\"elementor-widget-wrap elementor-element-populated\">\n\t\t\t\t\t\t<div class=\"elementor-element elementor-element-7a1fc11 elementor-view-default elementor-widget elementor-widget-icon\" data-id=\"7a1fc11\" data-element_type=\"widget\" data-widget_type=\"icon.default\">\n\t\t\t\t<div class=\"elementor-widget-container\">\n\t\t\t\t\t\t\t<div class=\"elementor-icon-wrapper\">\n\t\t\t<a class=\"elementor-icon elementor-animation-shrink\" href=\"https:\/\/www.instagram.com\/hskabeltechnik\/\" rel=\"noopener\">\n\t\t\t<i aria-hidden=\"true\" class=\"icon icon-Instagram\"><\/i>\t\t\t<\/a>\n\t\t<\/div>\n\t\t\t\t\t\t<\/div>\n\t\t\t\t<\/div>\n\t\t\t\t\t<\/div>\n\t\t<\/div>\n\t\t\t\t<div class=\"elementor-column elementor-col-20 elementor-inner-column elementor-element elementor-element-cdd4947\" data-id=\"cdd4947\" data-element_type=\"column\">\n\t\t\t<div class=\"elementor-widget-wrap elementor-element-populated\">\n\t\t\t\t\t\t<div class=\"elementor-element elementor-element-48607fb elementor-view-default elementor-widget elementor-widget-icon\" data-id=\"48607fb\" data-element_type=\"widget\" data-widget_type=\"icon.default\">\n\t\t\t\t<div class=\"elementor-widget-container\">\n\t\t\t\t\t\t\t<div class=\"elementor-icon-wrapper\">\n\t\t\t<a class=\"elementor-icon elementor-animation-shrink\" href=\"https:\/\/www.linkedin.com\/company\/hskabeltechnik\" rel=\"noopener\">\n\t\t\t<i aria-hidden=\"true\" class=\"icon icon-LinkedIn\"><\/i>\t\t\t<\/a>\n\t\t<\/div>\n\t\t\t\t\t\t<\/div>\n\t\t\t\t<\/div>\n\t\t\t\t\t<\/div>\n\t\t<\/div>\n\t\t\t\t<div class=\"elementor-column elementor-col-20 elementor-inner-column elementor-element elementor-element-54c1b239\" data-id=\"54c1b239\" data-element_type=\"column\">\n\t\t\t<div class=\"elementor-widget-wrap elementor-element-populated\">\n\t\t\t\t\t\t<div class=\"elementor-element elementor-element-1f27e0a1 elementor-view-default elementor-widget elementor-widget-icon\" data-id=\"1f27e0a1\" data-element_type=\"widget\" data-widget_type=\"icon.default\">\n\t\t\t\t<div class=\"elementor-widget-container\">\n\t\t\t\t\t\t\t<div class=\"elementor-icon-wrapper\">\n\t\t\t<a class=\"elementor-icon elementor-animation-shrink\" href=\"https:\/\/www.youtube.com\/channel\/UCdZc7sfcsTuieG3ZDOJ-RDw\" rel=\"noopener\">\n\t\t\t<i aria-hidden=\"true\" class=\"icon icon-Youtube\"><\/i>\t\t\t<\/a>\n\t\t<\/div>\n\t\t\t\t\t\t<\/div>\n\t\t\t\t<\/div>\n\t\t\t\t\t<\/div>\n\t\t<\/div>\n\t\t\t\t\t<\/div>\n\t\t<\/section>\n\t\t\t\t\t<\/div>\n\t\t<\/div>\n\t\t\t\t\t<\/div>\n\t\t<\/section>\n\t\t\t\t<\/div>\n\t\t","protected":false},"excerpt":{"rendered":"<p>Chcesz nas lepiej pozna\u0107? Na naszych kana\u0142ach spo\u0142eczno\u015bciowych znajdziesz prawdziwe wra\u017cenia dotycz\u0105ce naszej filozofii. Bez \u017cadnych filtr\u00f3w, po prostu takimi, jakimi naprawd\u0119 jeste\u015bmy.<\/p>\n","protected":false},"author":12,"featured_media":0,"parent":0,"menu_order":0,"comment_status":"closed","ping_status":"closed","template":"","meta":{"_acf_changed":false,"_genesis_hide_title":false,"_genesis_hide_breadcrumbs":false,"_genesis_hide_singular_image":false,"_genesis_hide_footer_widgets":false,"_genesis_custom_body_class":"","_genesis_custom_post_class":"","_genesis_layout":"","footnotes":""},"class_list":{"0":"post-718","1":"page","2":"type-page","3":"status-publish","5":"entry"},"acf":[],"_links":{"self":[{"href":"https:\/\/www.hs-kabeltechnik.at\/pl\/wp-json\/wp\/v2\/pages\/718","targetHints":{"allow":["GET"]}}],"collection":[{"href":"https:\/\/www.hs-kabeltechnik.at\/pl\/wp-json\/wp\/v2\/pages"}],"about":[{"href":"https:\/\/www.hs-kabeltechnik.at\/pl\/wp-json\/wp\/v2\/types\/page"}],"author":[{"embeddable":true,"href":"https:\/\/www.hs-kabeltechnik.at\/pl\/wp-json\/wp\/v2\/users\/12"}],"replies":[{"embeddable":true,"href":"https:\/\/www.hs-kabeltechnik.at\/pl\/wp-json\/wp\/v2\/comments?post=718"}],"version-history":[{"count":4,"href":"https:\/\/www.hs-kabeltechnik.at\/pl\/wp-json\/wp\/v2\/pages\/718\/revisions"}],"predecessor-version":[{"id":13791,"href":"https:\/\/www.hs-kabeltechnik.at\/pl\/wp-json\/wp\/v2\/pages\/718\/revisions\/13791"}],"wp:attachment":[{"href":"https:\/\/www.hs-kabeltechnik.at\/pl\/wp-json\/wp\/v2\/media?parent=718"}],"curies":[{"name":"wp","href":"https:\/\/api.w.org\/{rel}","templated":true}]}}