{"id":4070,"date":"2022-10-13T04:37:01","date_gmt":"2022-10-13T04:37:01","guid":{"rendered":"https:\/\/p-ga7ckg.project.space\/ochrona-danych\/"},"modified":"2025-06-02T11:23:09","modified_gmt":"2025-06-02T11:23:09","slug":"ochrona-danych","status":"publish","type":"page","link":"https:\/\/www.hs-kabeltechnik.at\/pl\/ochrona-danych\/","title":{"rendered":"Ochrona danych"},"content":{"rendered":"\t\t<div data-elementor-type=\"wp-page\" data-elementor-id=\"4070\" class=\"elementor elementor-4070 elementor-3\" data-elementor-post-type=\"page\">\n\t\t\t\t\t\t<section class=\"elementor-section elementor-top-section elementor-element elementor-element-590addfc elementor-section-boxed elementor-section-height-default elementor-section-height-default\" data-id=\"590addfc\" data-element_type=\"section\">\n\t\t\t\t\t\t<div class=\"elementor-container elementor-column-gap-default\">\n\t\t\t\t\t<div class=\"elementor-column elementor-col-100 elementor-top-column elementor-element elementor-element-65871c68\" data-id=\"65871c68\" data-element_type=\"column\">\n\t\t\t<div class=\"elementor-widget-wrap elementor-element-populated\">\n\t\t\t\t\t\t<div class=\"elementor-element elementor-element-f4ab034 elementor-widget elementor-widget-text-editor\" data-id=\"f4ab034\" data-element_type=\"widget\" data-widget_type=\"text-editor.default\">\n\t\t\t\t<div class=\"elementor-widget-container\">\n\t\t\t\t\t\t\t\t\t<h1 style=\"color: #ff6920;\">Polityka prywatno\u015bci<\/h1>\n<p><\/p>\n<p style=\"color: #565654;\">W niniejszej polityce prywatno\u015bci informujemy o przetwarzaniu danych osobowych u\u017cytkownik\u00f3w.<\/p>\n<p><\/p>\n<p style=\"color: #565654;\">Je\u015bli chcesz zmieni\u0107 ustawienia ochrony danych (udzieli\u0107 zgody lub odwo\u0142a\u0107 ju\u017c udzielon\u0105 zgod\u0119), kliknij <a href=\"https:\/\/www.hs-kabeltechnik.at\/pl\/ochrona-danych\/#\">tutaj<\/a>, aby zmieni\u0107 ustawienia.<\/p>\n<h2 style=\"color: #ff6920;\">Formularz kontaktowy<\/h2>\n<p><\/p>\n<p style=\"color: #565654;\">H&amp;S Kabeltechnik GmbH, Jagern 62, 4761 Enzenkirchen, Austria, <a href=\"mailto:office@hs-kabeltechnik.at\">office@hs-kabeltechnik.at<\/a>, +43 (0) 77 62 \/ 43 705-0<\/p>\n<h2 style=\"color: #ff6920;\">Dostawca hostingu<\/h2>\n<p><\/p>\n<p style=\"color: #565654;\">Mittwald CM Service GmbH &amp; Co. KG<br \/>\nK\u00f6nigsberger Stra\u00dfe 4-6<br \/>\n32339 Espelkamp<\/p>\n<h2 style=\"color: #ff6920;\">Formularz kontaktowy<\/h2>\n<p><\/p>\n<p style=\"color: #565654;\">Na naszej stronie internetowej u\u017cytkownik ma mo\u017cliwo\u015b\u0107 skontaktowania si\u0119 z nami bezpo\u015brednio za pomoc\u0105 formularza kontaktowego. Po przes\u0142aniu formularza kontaktowego wprowadzone przez u\u017cytkownika dane osobowe b\u0119d\u0105 przetwarzane przez administratora danych w celu przetworzenia zapytania u\u017cytkownika na podstawie zgody udzielonej przez u\u017cytkownika poprzez przes\u0142anie formularza zgodnie z art. 6 ust. 1 lit. a RODO do czasu jej odwo\u0142ania.<br \/>\nNie istnieje prawny ani umowny obowi\u0105zek podania danych osobowych. Jedyn\u0105 konsekwencj\u0105 ich niepodania jest brak mo\u017cliwo\u015bci z\u0142o\u017cenia wniosku, a my nie b\u0119dziemy mogli go przetworzy\u0107.<\/p>\n<h2 style=\"color: #ff6920;\">Formularz zg\u0142oszeniowy<\/h2>\n<p>Oferujemy mo\u017cliwo\u015b\u0107 z\u0142o\u017cenia wniosku online na naszej stronie internetowej. W celu przetworzenia wniosku przetwarzamy dane osobowe podane w formularzu wniosku na podstawie stosunku przedumownego zgodnie z art. 6 ust. 1 lit. b RODO do momentu odwo\u0142ania lub przez okres maksymalnie 6 miesi\u0119cy po zako\u0144czeniu procesu sk\u0142adania wniosku.<\/p>\n<p>Je\u015bli u\u017cytkownik wyra\u017anie \u017cyczy sobie, aby przes\u0142ane dokumenty by\u0142y przechowywane, b\u0119d\u0105 one przechowywane przez okres maksymalnie 18 miesi\u0119cy na podstawie prawnej zgody u\u017cytkownika zgodnie z art. 6 ust. 1 lit. a RODO.<\/p>\n<p>Nie ma prawnego ani umownego obowi\u0105zku przekazywania danych osobowych. Jedyn\u0105 konsekwencj\u0105 ich niepodania jest brak mo\u017cliwo\u015bci rozpatrzenia aplikacji.<\/p>\n<p>Dane kandydata nie b\u0119d\u0105 przekazywane stronom trzecim.<\/p>\n<h2 style=\"color: #ff6920;\">Us\u0142ugi bezpiecze\u0144stwa<\/h2>\n<p><\/p>\n<p style=\"color: #565654;\">Na tej stronie internetowej korzystamy z us\u0142ug dostawc\u00f3w us\u0142ug bezpiecze\u0144stwa, takich jak us\u0142ugi Captcha, aby zapobiega\u0107 nieludzkim i zautomatyzowanym wpisom.<\/p>\n<p>Nasza strona internetowa korzysta z us\u0142ugi \u201eTurnstile Captcha\u201d firmy Cloudflare, Inc (101 Townsend St, San Francisco, CA 94107, USA). Turnstile Captcha s\u0142u\u017cy do ochrony naszej strony internetowej przed automatycznym dost\u0119pem, tak zwanymi botami, i pomaga nam zapewni\u0107 bezpiecze\u0144stwo danych naszych u\u017cytkownik\u00f3w. Us\u0142uga ta jest technicznie niezb\u0119dna do zapewnienia prawid\u0142owego funkcjonowania i ochrony naszej strony internetowej.<\/p>\n<p>Podczas korzystania z Turnstile Captcha niekt\u00f3re informacje, takie jak adres IP, informacje o przegl\u0105darce i urz\u0105dzeniu oraz informacje o interakcji z captcha, s\u0105 przesy\u0142ane do Cloudflare i tam przetwarzane. Przetwarzanie tych danych jest niezb\u0119dne do zapewnienia prawid\u0142owego dzia\u0142ania i bezpiecze\u0144stwa naszej strony internetowej. \u017badne dane nie s\u0105 gromadzone ani przetwarzane w spos\u00f3b umo\u017cliwiaj\u0105cy ich powi\u0105zanie z indywidualnymi profilami u\u017cytkownik\u00f3w. Podstaw\u0105 prawn\u0105 przetwarzania danych u\u017cytkownika jest art. 6 ust. 1 lit. f RODO (uzasadniony interes w bezpiecze\u0144stwie naszej strony internetowej i ochrona przed zautomatyzowanym dost\u0119pem) oraz art. 6 ust. 1 lit. b RODO (technicznie niezb\u0119dne przetwarzanie w celu realizacji umowy).<\/p>\n<p>Cloudflare jest certyfikowanym uczestnikiem porozumienia Privacy Shield i tym samym gwarantuje europejski poziom ochrony danych. Wi\u0119cej informacji na temat ochrony danych w Cloudflare mo\u017cna znale\u017a\u0107 na stronie: <a href=\"https:\/\/www.cloudflare.com\/de-de\/privacypolicy\/\" rel=\"noopener\" data-inline-card=\"\" data-card-data=\"\">https:\/\/www.cloudflare.com\/de-de\/privacypolicy\/<\/a><\/p>\n<h2 style=\"color: #ff6920;\">Embeddings<\/h2>\n<p><\/p>\n<h3 style=\"color: #ff6920;\">YouTube<\/h3>\n<p>Je\u015bli u\u017cytkownik wyrazi na to zgod\u0119, przetwarzamy jego dane osobowe z us\u0142ug\u0105 \u00a0<a href=\"https:\/\/www.youtube.com\/\" target=\"_blank\" rel=\"noopener\">Youtube<\/a>, Google Ireland Limited, Gordon House, Barrow Street, Dublin 4, Irlandia jako wsp\u00f3\u0142administratorzy w celu odtwarzania film\u00f3w na naszej stronie internetowej.<\/p>\n<p>Umo\u017cliwiamy tej us\u0142udze gromadzenie danych dotycz\u0105cych po\u0142\u0105czenia, gromadzenie danych z przegl\u0105darki internetowej u\u017cytkownika oraz umieszczanie reklamowych plik\u00f3w cookie. Umieszczaj\u0105c reklamowe pliki cookie, Google mo\u017ce obliczy\u0107 indywidualny identyfikator u\u017cytkownika dla ka\u017cdego u\u017cytkownika. Te dane osobowe, kt\u00f3re nadaj\u0105 si\u0119 do jednoznacznej identyfikacji, s\u0105 nast\u0119pnie przetwarzane w ramach sieci reklamowej obs\u0142ugiwanej przez Google.<\/p>\n<p>Grupa Google przekazuje dane osobowe u\u017cytkownika do USA. Podstaw\u0105 prawn\u0105 przekazywania danych do USA jest zgoda u\u017cytkownika zgodnie z art. 49 ust. 1 lit. a w zwi\u0105zku z art. 6 ust. 1 lit. a RODO w zwi\u0105zku z \u00a7 25 TTDSG. U\u017cytkownik zosta\u0142 poinformowany przed wyra\u017ceniem zgody, \u017ce poziom ochrony danych w USA nie odpowiada standardom obowi\u0105zuj\u0105cym w UE. W szczeg\u00f3lno\u015bci ameryka\u0144skie s\u0142u\u017cby wywiadowcze mog\u0105 uzyska\u0107 dost\u0119p do danych u\u017cytkownika bez informowania go o tym i bez mo\u017cliwo\u015bci podj\u0119cia dzia\u0142a\u0144 prawnych przeciwko temu. Z tego powodu Europejski Trybuna\u0142 Sprawiedliwo\u015bci w swoim wyroku stwierdzi\u0142 niewa\u017cno\u015b\u0107 poprzedniej decyzji stwierdzaj\u0105cej odpowiedni poziom ochrony (Tarcza Prywatno\u015bci).<\/p>\n<p>W zakresie, w jakim Google prowadzi dalsze niezale\u017cne przetwarzanie danych, w szczeg\u00f3lno\u015bci w ramach sieci reklamowej Google, Google ponosi za to wy\u0142\u0105czn\u0105 odpowiedzialno\u015b\u0107. Szczeg\u00f3\u0142y mo\u017cna znale\u017a\u0107 w <a href=\"https:\/\/policies.google.com\/privacy?gl=AT&amp;hl=de#intro\" rel=\"noopener\">polityce prywatno\u015bci<\/a> Google.<\/p>\n<p>Jedyn\u0105 konsekwencj\u0105 nieudzielenia zgody jest brak dost\u0119pu do us\u0142ugi YouTube. Udzielon\u0105 zgod\u0119 mo\u017cna cofn\u0105\u0107, zmieniaj\u0105c ustawienia ochrony danych.<\/p>\n<p>Podstaw\u0105 prawn\u0105 przetwarzania danych jest zgoda u\u017cytkownika zgodnie z art. 6 ust. 1 lit. a RODO.<\/p>\n<h3 style=\"color: #ff6920;\">Google Maps<\/h3>\n<p>Je\u015bli u\u017cytkownik wyrazi na to zgod\u0119, przetwarzamy jego dane osobowe z us\u0142ug\u0105 <a href=\"https:\/\/www.google.at\/maps\" target=\"_blank\" rel=\"noopener\">Google Maps<\/a>, Google LLC, Amphitheatre Parkway, Mountain View, CA 94043, USA, jako wsp\u00f3\u0142administratorzy w celu wy\u015bwietlania interaktywnych map na naszej stronie internetowej.<\/p>\n<p>Umo\u017cliwiamy us\u0142udze zbieranie danych o po\u0142\u0105czeniach, zbieranie danych z przegl\u0105darki internetowej u\u017cytkownika oraz umieszczanie reklamowych plik\u00f3w cookie. Umieszczaj\u0105c reklamowe pliki cookie, Google mo\u017ce obliczy\u0107 indywidualny identyfikator u\u017cytkownika dla ka\u017cdego u\u017cytkownika. Te dane osobowe, kt\u00f3re nadaj\u0105 si\u0119 do jednoznacznej identyfikacji, s\u0105 nast\u0119pnie przetwarzane w ramach sieci <a href=\"https:\/\/policies.google.com\/privacy?gl=AT&amp;hl=de#intro\" rel=\"noopener\">reklamowej obs\u0142ugiwane<\/a>j przez Google.<\/p>\n<p>W zakresie, w jakim Google prowadzi dalsze niezale\u017cne przetwarzanie danych, w szczeg\u00f3lno\u015bci w ramach sieci reklamowej Google, Google ponosi za to wy\u0142\u0105czn\u0105 odpowiedzialno\u015b\u0107. Szczeg\u00f3\u0142y mo\u017cna znale\u017a\u0107 w polityce <a href=\"https:\/\/www.hs-kabeltechnik.at\/pl\/ochrona-danych\/#\">prywatno\u015bci<\/a> Google.<\/p>\n<p>Jedyn\u0105 konsekwencj\u0105 nieudzielenia zgody jest brak dost\u0119pu do us\u0142ugi Google Maps. Udzielon\u0105 zgod\u0119 mo\u017cna cofn\u0105\u0107, zmieniaj\u0105c ustawienia ochrony danych.<\/p>\n<p>Podstaw\u0105 prawn\u0105 przetwarzania danych jest zgoda u\u017cytkownika zgodnie z art. 6 ust. 1 lit. a RODO.<\/p>\n<p>Grupa Google przekazuje dane osobowe u\u017cytkownika do USA. Podstaw\u0105 prawn\u0105 przekazywania danych do USA jest zgoda u\u017cytkownika zgodnie z art. 49 ust. 1 lit. a w zwi\u0105zku z art. 6 ust. 1 lit. a RODO w zwi\u0105zku z \u00a7 25 TTDSG. U\u017cytkownik zosta\u0142 poinformowany przed wyra\u017ceniem zgody, \u017ce poziom ochrony danych w USA nie odpowiada standardom obowi\u0105zuj\u0105cym w UE. W szczeg\u00f3lno\u015bci ameryka\u0144skie s\u0142u\u017cby wywiadowcze mog\u0105 uzyska\u0107 dost\u0119p do danych u\u017cytkownika bez informowania go o tym i bez mo\u017cliwo\u015bci podj\u0119cia dzia\u0142a\u0144 prawnych przeciwko temu. Z tego powodu Europejski Trybuna\u0142 Sprawiedliwo\u015bci uzna\u0142 w wyroku poprzedni\u0105 decyzj\u0119 stwierdzaj\u0105c\u0105 odpowiedni poziom ochrony (Tarcza Prywatno\u015bci) za niewa\u017cn\u0105.<\/p>\n<h3 style=\"color: #ff6920;\">Instagram<\/h3>\n<p>Je\u015bli u\u017cytkownik wyrazi na to zgod\u0119, przetwarzamy jego dane osobowe z serwisem Instagram, Meta Platforms Ireland Ltd, 4 Grand Canal Square, Grand Canal Harbour, Dublin 2, Irlandia, jako wsp\u00f3\u0142administratorzy w celu \u015bwiadczenia us\u0142ug Instagram na naszej stronie internetowej.<\/p>\n<p>Umo\u017cliwiamy serwisowi gromadzenie danych o po\u0142\u0105czeniach, gromadzenie danych z przegl\u0105darki internetowej u\u017cytkownika oraz umieszczanie reklamowych plik\u00f3w cookie. Umieszczaj\u0105c reklamowe pliki cookie, Facebook jest w stanie obliczy\u0107 indywidualny identyfikator u\u017cytkownika dla ka\u017cdego u\u017cytkownika. Te dane osobowe, kt\u00f3re nadaj\u0105 si\u0119 do jednoznacznej identyfikacji, s\u0105 nast\u0119pnie przetwarzane w ramach sieci reklamowej obs\u0142ugiwanej przez Facebook.<\/p>\n<p>Grupa Facebook przekazuje dane osobowe u\u017cytkownika do USA. Podstaw\u0105 prawn\u0105 przekazywania danych do USA jest zgoda u\u017cytkownika zgodnie z art. 49 ust. 1 lit. a w zwi\u0105zku z art. 6 ust. 1 lit. a RODO w zwi\u0105zku z \u00a725 TTDSG. U\u017cytkownik zosta\u0142 poinformowany przed wyra\u017ceniem zgody, \u017ce poziom ochrony danych w USA nie odpowiada standardom obowi\u0105zuj\u0105cym w UE. W szczeg\u00f3lno\u015bci ameryka\u0144skie s\u0142u\u017cby wywiadowcze mog\u0105 uzyska\u0107 dost\u0119p do danych u\u017cytkownika bez informowania go o tym i bez mo\u017cliwo\u015bci podj\u0119cia dzia\u0142a\u0144 prawnych przeciwko temu. Z tego powodu Europejski Trybuna\u0142 Sprawiedliwo\u015bci uzna\u0142 w swoim wyroku poprzedni\u0105 decyzj\u0119 stwierdzaj\u0105c\u0105 odpowiedni poziom ochrony danych (Tarcza Prywatno\u015bci) za niewa\u017cn\u0105.<\/p>\n<p>W zakresie, w jakim Facebook prowadzi dalsze niezale\u017cne <a href=\"https:\/\/www.facebook.com\/privacy\/explanation\" rel=\"noopener\">przetwarzanie danych<\/a>, w szczeg\u00f3lno\u015bci w ramach sieci reklamowej Facebooka, Facebook ponosi za to wy\u0142\u0105czn\u0105 odpowiedzialno\u015b\u0107. Szczeg\u00f3\u0142y mo\u017cna znale\u017a\u0107 w polityce prywatno\u015bci Facebooka.<\/p>\n<p>Jedyn\u0105 konsekwencj\u0105 nieudzielenia zgody jest brak mo\u017cliwo\u015bci korzystania z us\u0142ug Facebooka. U\u017cytkownik mo\u017ce cofn\u0105\u0107 udzielon\u0105 wcze\u015bniej zgod\u0119, zmieniaj\u0105c <a href=\"https:\/\/www.hs-kabeltechnik.at\/pl\/ochrona-danych\/#\">ustawienia ochrony danych<\/a>.<\/p>\n<p>Podstaw\u0105 prawn\u0105 przetwarzania danych jest zgoda u\u017cytkownika zgodnie z art. 6 ust. 1 lit. a RODO.<\/p>\n<h3 style=\"color: #ff6920;\">Facebook<\/h3>\n<p>Je\u015bli u\u017cytkownik wyrazi na to zgod\u0119, przetwarzamy jego dane osobowe z serwisem Facebook, Meta Platforms Ireland Ltd, 4 Grand Canal Square, Grand Canal Harbour, Dublin 2, Irlandia, jako wsp\u00f3\u0142administratorzy w celu \u015bwiadczenia us\u0142ug Facebooka (np. Facebook Like Button, Facebook Like Box) na naszej stronie internetowej.<\/p>\n<p>Umo\u017cliwiamy tej us\u0142udze gromadzenie danych o po\u0142\u0105czeniach, gromadzenie <a href=\"https:\/\/www.facebook.com\/privacy\/explanation\" rel=\"noopener\">danych<\/a> z przegl\u0105darki internetowej u\u017cytkownika oraz umieszczanie reklamowych plik\u00f3w cookie. Umieszczaj\u0105c reklamowe pliki cookie, Facebook jest w stanie obliczy\u0107 indywidualny identyfikator u\u017cytkownika dla ka\u017cdego u\u017cytkownika. Te dane osobowe, kt\u00f3re nadaj\u0105 si\u0119 do jednoznacznej identyfikacji, s\u0105 nast\u0119pnie przetwarzane w ramach sieci reklamowej obs\u0142ugiwanej przez Facebook.<\/p>\n<p>Grupa Facebook przekazuje dane osobowe u\u017cytkownika do USA. Podstaw\u0105 prawn\u0105 przekazywania danych do USA jest zgoda u\u017cytkownika zgodnie z art. 49 ust. 1 lit. a w zwi\u0105zku z art. 6 ust. 1 lit. a RODO w zwi\u0105zku z \u00a725 TTDSG. U\u017cytkownik zosta\u0142 poinformowany przed wyra\u017ceniem zgody, \u017ce poziom ochrony danych w USA nie odpowiada standardom obowi\u0105zuj\u0105cym w UE. W szczeg\u00f3lno\u015bci ameryka\u0144skie s\u0142u\u017cby wywiadowcze mog\u0105 uzyska\u0107 dost\u0119p do danych u\u017cytkownika bez informowania go o tym i bez mo\u017cliwo\u015bci podj\u0119cia dzia\u0142a\u0144 prawnych przeciwko temu. Z tego powodu Europejski Trybuna\u0142 Sprawiedliwo\u015bci uzna\u0142 w swoim orzeczeniu poprzedni\u0105 decyzj\u0119 stwierdzaj\u0105c\u0105 odpowiedni poziom ochrony danych (Privacy Shield) za niewa\u017cn\u0105.<\/p>\n<p>W zakresie, w jakim Facebook prowadzi dalsze niezale\u017cne przetwarzanie danych, w szczeg\u00f3lno\u015bci w ramach sieci reklamowej Facebooka, Facebook ponosi za to wy\u0142\u0105czn\u0105 odpowiedzialno\u015b\u0107. Szczeg\u00f3\u0142y mo\u017cna znale\u017a\u0107 w polityce prywatno\u015bci Facebooka.<\/p>\n<p>Jedyn\u0105 konsekwencj\u0105 nieudzielenia zgody jest brak mo\u017cliwo\u015bci korzystania z us\u0142ug Facebooka. U\u017cytkownik mo\u017ce cofn\u0105\u0107 udzielon\u0105 wcze\u015bniej zgod\u0119, zmieniaj\u0105c <a href=\"https:\/\/www.hs-kabeltechnik.at\/pl\/ochrona-danych\/#\">ustawienia ochrony danych<\/a>.<\/p>\n<p>Podstaw\u0105 prawn\u0105 przetwarzania danych jest zgoda u\u017cytkownika zgodnie z art. 6 ust. 1 lit. a RODO.<\/p>\n<h2 style=\"color: #ff6920;\">Analysedienste<\/h2>\n<p><\/p>\n<h3 style=\"color: #ff6920;\">Google Analytics<\/h3>\n<p><\/p>\n<p style=\"color: #565654;\">Je\u015bli u\u017cytkownik wyrazi zgod\u0119, przetwarzamy jego dane osobowe za pomoc\u0105 us\u0142ugi <a href=\"https:\/\/analytics.google.com\/\" target=\"_blank\" rel=\"noopener\">Google Analytics<\/a>, Google LLC, Amphitheatre Parkway, Mountain View, CA 94043, USA, jako wsp\u00f3\u0142administratorzy w celu analizy b\u0142\u0119d\u00f3w i statystycznej oceny naszej strony internetowej. Nieudzielenie zgody nie ma bezpo\u015bredniego wp\u0142ywu na funkcjonowanie strony internetowej, ale bez danych statystycznych b\u0119dzie nam trudniej dalej rozwija\u0107 stron\u0119 internetow\u0105. Udzielon\u0105 zgod\u0119 mo\u017cna cofn\u0105\u0107, zmieniaj\u0105c <a href=\"https:\/\/www.hs-kabeltechnik.at\/pl\/ochrona-danych\/#\">ustawienia<\/a> ochrony danych.<\/p>\n<p>Umo\u017cliwiamy us\u0142udze gromadzenie danych o po\u0142\u0105czeniach, danych z przegl\u0105darki internetowej i danych o odwiedzanych tre\u015bciach, a tak\u017ce wykonywanie oprogramowania analitycznego i przechowywanie danych na urz\u0105dzeniu ko\u0144cowym u\u017cytkownika. Us\u0142uga anonimizuje zebrane dane natychmiast po ich zebraniu i dostarcza nam anonimowe dane w formie statystyk do oceny. U\u017cywamy tych statystyk do rozwi\u0105zywania problem\u00f3w i dalszego rozwoju naszej strony internetowej. Dane na urz\u0105dzeniu ko\u0144cowym u\u017cytkownika s\u0105 przechowywane przez okres do dw\u00f3ch lat.<\/p>\n<p>Podstaw\u0105 prawn\u0105 przetwarzania danych jest zgoda u\u017cytkownika zgodnie z art. 6 ust. 1 lit. a RODO. Grupa Google przekazuje dane osobowe u\u017cytkownika do USA. Podstaw\u0105 prawn\u0105 przekazywania danych do USA jest zgoda u\u017cytkownika zgodnie z art. 49 ust. 1 lit. a w zwi\u0105zku z art. 6 ust. 1 lit. a RODO w zwi\u0105zku z \u00a725 TTDSG. U\u017cytkownik zosta\u0142 poinformowany przed wyra\u017ceniem zgody, \u017ce poziom ochrony danych w USA nie odpowiada standardom obowi\u0105zuj\u0105cym w UE. W szczeg\u00f3lno\u015bci ameryka\u0144skie s\u0142u\u017cby wywiadowcze mog\u0105 uzyska\u0107 dost\u0119p do danych u\u017cytkownika bez informowania go o tym i bez mo\u017cliwo\u015bci podj\u0119cia dzia\u0142a\u0144 prawnych przeciwko temu. Z tego powodu Europejski Trybuna\u0142 Sprawiedliwo\u015bci uzna\u0142 w wyroku poprzedni\u0105 decyzj\u0119 stwierdzaj\u0105c\u0105 odpowiedni poziom ochrony (Tarcza Prywatno\u015bci) za niewa\u017cn\u0105.<\/p>\n<h2 style=\"color: #ff6920;\">Prawo do sprzeciwu<\/h2>\n<p>Je\u015bli dane osobowe u\u017cytkownika s\u0105 przetwarzane na podstawie uzasadnionego interesu, u\u017cytkownik ma prawo sprzeciwi\u0107 si\u0119 takiemu przetwarzaniu.<\/p>\n<p>W przypadku braku wa\u017cnych prawnie uzasadnionych podstaw przetwarzania z naszej strony, przetwarzanie danych na tej podstawie prawnej zostanie zaprzestane.<\/p>\n<p>U\u017cytkownik ma r\u00f3wnie\u017c prawo sprzeciwi\u0107 si\u0119 przetwarzaniu jego danych osobowych do cel\u00f3w marketingu bezpo\u015bredniego. W przypadku wniesienia sprzeciwu dane osobowe u\u017cytkownika nie b\u0119d\u0105 ju\u017c przetwarzane do cel\u00f3w marketingu bezpo\u015bredniego.<\/p>\n<p>Sprzeciw nie ma wp\u0142ywu na zgodno\u015b\u0107 z prawem danych przetwarzanych przed wniesieniem sprzeciwu.<\/p>\n<h2 style=\"color: #ff6920;\">Prawo do odwo\u0142ania zgody<\/h2>\n<p><a href=\"https:\/\/www.hs-kabeltechnik.at\/pl\/ochrona-danych\/#\">U\u017cytkownik<\/a> ma prawo do wycofania zgody w dowolnym momencie poprzez zmian\u0119 ustawie\u0144 ochrony danych.<\/p>\n<p>W przypadku zgody na otrzymywanie reklam elektronicznych u\u017cytkownik mo\u017ce wycofa\u0107 swoj\u0105 zgod\u0119, klikaj\u0105c \u0142\u0105cze rezygnacji z subskrypcji. W takim przypadku przetwarzanie danych zostanie przerwane, chyba \u017ce istnieje inna podstawa prawna.<\/p>\n<p>Wycofanie zgody nie ma wp\u0142ywu na zgodno\u015b\u0107 z prawem danych przetwarzanych do momentu wycofania zgody.<\/p>\n<h2 style=\"color: #ff6920;\">Prawa os\u00f3b, kt\u00f3rych dane dotycz\u0105<\/h2>\n<p>U\u017cytkownik ma r\u00f3wnie\u017c prawo dost\u0119pu do swoich danych osobowych, ich sprostowania, usuni\u0119cia i ograniczenia przetwarzania.<\/p>\n<p>Je\u015bli podstaw\u0105 prawn\u0105 przetwarzania danych osobowych u\u017cytkownika jest jego zgoda lub zawarta z nim umowa, u\u017cytkownik ma r\u00f3wnie\u017c prawo do przenoszenia danych.<\/p>\n<p>U\u017cytkownik ma r\u00f3wnie\u017c prawo do wniesienia skargi do organu nadzorczego. Wi\u0119cej informacji na temat organ\u00f3w nadzorczych w Unii <a href=\"https:\/\/ec.europa.eu\/justice\/article-29\/structure\/data-protection-authorities\/index_en.htm\" rel=\"noopener\">Europejskiej<\/a> mo\u017cna znale\u017a\u0107 tutaj.<\/p>\n\t\t\t\t\t\t\t\t<\/div>\n\t\t\t\t<\/div>\n\t\t\t\t\t<\/div>\n\t\t<\/div>\n\t\t\t\t\t<\/div>\n\t\t<\/section>\n\t\t\t\t<\/div>\n\t\t","protected":false},"excerpt":{"rendered":"<p>Polityka prywatno\u015bci W niniejszej polityce prywatno\u015bci informujemy o przetwarzaniu danych osobowych u\u017cytkownik\u00f3w. Je\u015bli chcesz zmieni\u0107 ustawienia ochrony danych (udzieli\u0107 zgody lub odwo\u0142a\u0107 ju\u017c udzielon\u0105 zgod\u0119), kliknij tutaj, aby zmieni\u0107 ustawienia. Formularz kontaktowy H&amp;S Kabeltechnik GmbH, Jagern 62, 4761 Enzenkirchen, Austria, office@hs-kabeltechnik.at, +43 (0) 77 62 \/ 43 705-0 Dostawca hostingu Mittwald CM Service GmbH &amp; [&hellip;]<\/p>\n","protected":false},"author":12,"featured_media":0,"parent":0,"menu_order":0,"comment_status":"closed","ping_status":"closed","template":"","meta":{"_acf_changed":false,"_genesis_hide_title":false,"_genesis_hide_breadcrumbs":false,"_genesis_hide_singular_image":false,"_genesis_hide_footer_widgets":false,"_genesis_custom_body_class":"","_genesis_custom_post_class":"","_genesis_layout":"","footnotes":""},"class_list":{"0":"post-4070","1":"page","2":"type-page","3":"status-publish","5":"entry"},"acf":[],"_links":{"self":[{"href":"https:\/\/www.hs-kabeltechnik.at\/pl\/wp-json\/wp\/v2\/pages\/4070","targetHints":{"allow":["GET"]}}],"collection":[{"href":"https:\/\/www.hs-kabeltechnik.at\/pl\/wp-json\/wp\/v2\/pages"}],"about":[{"href":"https:\/\/www.hs-kabeltechnik.at\/pl\/wp-json\/wp\/v2\/types\/page"}],"author":[{"embeddable":true,"href":"https:\/\/www.hs-kabeltechnik.at\/pl\/wp-json\/wp\/v2\/users\/12"}],"replies":[{"embeddable":true,"href":"https:\/\/www.hs-kabeltechnik.at\/pl\/wp-json\/wp\/v2\/comments?post=4070"}],"version-history":[{"count":6,"href":"https:\/\/www.hs-kabeltechnik.at\/pl\/wp-json\/wp\/v2\/pages\/4070\/revisions"}],"predecessor-version":[{"id":12207,"href":"https:\/\/www.hs-kabeltechnik.at\/pl\/wp-json\/wp\/v2\/pages\/4070\/revisions\/12207"}],"wp:attachment":[{"href":"https:\/\/www.hs-kabeltechnik.at\/pl\/wp-json\/wp\/v2\/media?parent=4070"}],"curies":[{"name":"wp","href":"https:\/\/api.w.org\/{rel}","templated":true}]}}