{"id":714,"date":"2022-10-13T05:13:36","date_gmt":"2022-10-13T05:13:36","guid":{"rendered":"https:\/\/p-ga7ckg.project.space\/actualites\/"},"modified":"2025-08-25T09:34:38","modified_gmt":"2025-08-25T09:34:38","slug":"actualites","status":"publish","type":"page","link":"https:\/\/www.hs-kabeltechnik.at\/fr\/actualites\/","title":{"rendered":"Actualit\u00e9s"},"content":{"rendered":"\t\t<div data-elementor-type=\"wp-page\" data-elementor-id=\"714\" class=\"elementor elementor-714 elementor-15\" data-elementor-post-type=\"page\">\n\t\t\t\t\t\t<section class=\"elementor-section elementor-top-section elementor-element elementor-element-a24b747 elementor-section-boxed elementor-section-height-default elementor-section-height-default\" data-id=\"a24b747\" data-element_type=\"section\">\n\t\t\t\t\t\t<div class=\"elementor-container elementor-column-gap-default\">\n\t\t\t\t\t<div class=\"elementor-column elementor-col-100 elementor-top-column elementor-element elementor-element-2ba1a7b\" data-id=\"2ba1a7b\" data-element_type=\"column\">\n\t\t\t<div class=\"elementor-widget-wrap elementor-element-populated\">\n\t\t\t\t\t\t<div class=\"elementor-element elementor-element-2cebd5f elementor-grid-tablet-3 elementor-grid-3 elementor-grid-mobile-1 elementor-posts--thumbnail-top elementor-widget elementor-widget-posts\" data-id=\"2cebd5f\" data-element_type=\"widget\" data-settings=\"{&quot;classic_columns_tablet&quot;:&quot;3&quot;,&quot;pagination_type&quot;:&quot;numbers&quot;,&quot;classic_columns&quot;:&quot;3&quot;,&quot;classic_columns_mobile&quot;:&quot;1&quot;,&quot;classic_row_gap&quot;:{&quot;unit&quot;:&quot;px&quot;,&quot;size&quot;:35,&quot;sizes&quot;:[]},&quot;classic_row_gap_tablet&quot;:{&quot;unit&quot;:&quot;px&quot;,&quot;size&quot;:&quot;&quot;,&quot;sizes&quot;:[]},&quot;classic_row_gap_mobile&quot;:{&quot;unit&quot;:&quot;px&quot;,&quot;size&quot;:&quot;&quot;,&quot;sizes&quot;:[]}}\" data-widget_type=\"posts.classic\">\n\t\t\t\t<div class=\"elementor-widget-container\">\n\t\t\t\t\t\t\t<div class=\"elementor-posts-container elementor-posts elementor-posts--skin-classic elementor-grid\" role=\"list\">\n\t\t\t\t<article class=\"elementor-post elementor-grid-item post-15604 post type-post status-publish format-standard has-post-thumbnail category-non-classifiee tag-20e-anniversaire-de-hs-kabeltechnik-2 tag-20e-anniversaire-de-hs-kabeltechnik entry\" role=\"listitem\">\n\t\t\t\t<a class=\"elementor-post__thumbnail__link\" href=\"https:\/\/www.hs-kabeltechnik.at\/fr\/les-20-ans-de-hs-kabeltechnik\/\" tabindex=\"-1\" >\n\t\t\t<div class=\"elementor-post__thumbnail\"><img fetchpriority=\"high\" decoding=\"async\" width=\"600\" height=\"350\" src=\"https:\/\/www.hs-kabeltechnik.at\/wp-content\/uploads\/2026\/03\/Bild_Newsbeitrag_20Jahre.jpg\" class=\"attachment-large size-large wp-image-15601\" alt=\"\" srcset=\"https:\/\/www.hs-kabeltechnik.at\/wp-content\/uploads\/2026\/03\/Bild_Newsbeitrag_20Jahre.jpg 600w, https:\/\/www.hs-kabeltechnik.at\/wp-content\/uploads\/2026\/03\/Bild_Newsbeitrag_20Jahre-300x175.jpg 300w\" sizes=\"(max-width: 600px) 100vw, 600px\" \/><\/div>\n\t\t<\/a>\n\t\t\t\t<div class=\"elementor-post__text\">\n\t\t\t\t<h3 class=\"elementor-post__title\">\n\t\t\t<a href=\"https:\/\/www.hs-kabeltechnik.at\/fr\/les-20-ans-de-hs-kabeltechnik\/\" >\n\t\t\t\tLes 20 ans de H&#038;S Kabeltechnik\t\t\t<\/a>\n\t\t<\/h3>\n\t\t\t\t<div class=\"elementor-post__excerpt\">\n\t\t\t<p>2026 : une bonne raison de faire la f\u00eate \u2013 nous c\u00e9l\u00e9brons le 20e anniversaire de notre entreprise ! <\/p>\n\t\t<\/div>\n\t\t\n\t\t<a class=\"elementor-post__read-more\" href=\"https:\/\/www.hs-kabeltechnik.at\/fr\/les-20-ans-de-hs-kabeltechnik\/\" aria-label=\"En savoir plus sur Les 20 ans de H&#038;S Kabeltechnik\" tabindex=\"-1\" >\n\t\t\tPLUS\t\t<\/a>\n\n\t\t\t\t<\/div>\n\t\t\t\t<\/article>\n\t\t\t\t<article class=\"elementor-post elementor-grid-item post-15263 post type-post status-publish format-standard has-post-thumbnail category-non-classifiee tag-progetto-fuoco entry\" role=\"listitem\">\n\t\t\t\t<a class=\"elementor-post__thumbnail__link\" href=\"https:\/\/www.hs-kabeltechnik.at\/fr\/progetto-fuoco-2026\/\" tabindex=\"-1\" >\n\t\t\t<div class=\"elementor-post__thumbnail\"><img decoding=\"async\" width=\"1024\" height=\"748\" src=\"https:\/\/www.hs-kabeltechnik.at\/wp-content\/uploads\/2026\/03\/news-hssensortechnik-progettofuoco2026-1024x748.jpg\" class=\"attachment-large size-large wp-image-15262\" alt=\"H&amp;S Sensortechnik au salon Progetto Fuoco 2026\" srcset=\"https:\/\/www.hs-kabeltechnik.at\/wp-content\/uploads\/2026\/03\/news-hssensortechnik-progettofuoco2026-1024x748.jpg 1024w, https:\/\/www.hs-kabeltechnik.at\/wp-content\/uploads\/2026\/03\/news-hssensortechnik-progettofuoco2026-300x219.jpg 300w, https:\/\/www.hs-kabeltechnik.at\/wp-content\/uploads\/2026\/03\/news-hssensortechnik-progettofuoco2026-768x561.jpg 768w, https:\/\/www.hs-kabeltechnik.at\/wp-content\/uploads\/2026\/03\/news-hssensortechnik-progettofuoco2026.jpg 1219w\" sizes=\"(max-width: 1024px) 100vw, 1024px\" \/><\/div>\n\t\t<\/a>\n\t\t\t\t<div class=\"elementor-post__text\">\n\t\t\t\t<h3 class=\"elementor-post__title\">\n\t\t\t<a href=\"https:\/\/www.hs-kabeltechnik.at\/fr\/progetto-fuoco-2026\/\" >\n\t\t\t\tProgetto Fuoco 2026\t\t\t<\/a>\n\t\t<\/h3>\n\t\t\t\t<div class=\"elementor-post__excerpt\">\n\t\t\t<p>2026 : Nous \u00e9tions \u00e0 nouveau pr\u00e9sents cette ann\u00e9e avec H&#038;S Sensortechnik \u00e0 la 15e \u00e9dition du Progetto Fuoco, l&rsquo;un des plus grands salons professionnels au monde consacr\u00e9s aux syst\u00e8mes de chauffage \u00e0 biomasse.<\/p>\n\t\t<\/div>\n\t\t\n\t\t<a class=\"elementor-post__read-more\" href=\"https:\/\/www.hs-kabeltechnik.at\/fr\/progetto-fuoco-2026\/\" aria-label=\"En savoir plus sur Progetto Fuoco 2026\" tabindex=\"-1\" >\n\t\t\tPLUS\t\t<\/a>\n\n\t\t\t\t<\/div>\n\t\t\t\t<\/article>\n\t\t\t\t<article class=\"elementor-post elementor-grid-item post-14309 post type-post status-publish format-standard has-post-thumbnail category-non-classifiee tag-foire-de-lavenir-schaerding-2025 tag-salon-du-futur entry\" role=\"listitem\">\n\t\t\t\t<a class=\"elementor-post__thumbnail__link\" href=\"https:\/\/www.hs-kabeltechnik.at\/fr\/foire-de-lavenir-schaerding-2025\/\" tabindex=\"-1\" >\n\t\t\t<div class=\"elementor-post__thumbnail\"><img decoding=\"async\" width=\"1024\" height=\"682\" src=\"https:\/\/www.hs-kabeltechnik.at\/wp-content\/uploads\/2025\/10\/2510_Zukunftsmesse_T1-1024x682.png\" class=\"attachment-large size-large wp-image-14292\" alt=\"Standpersonal Tag 1 Zukunftsmesse 2025\" srcset=\"https:\/\/www.hs-kabeltechnik.at\/wp-content\/uploads\/2025\/10\/2510_Zukunftsmesse_T1-1024x682.png 1024w, https:\/\/www.hs-kabeltechnik.at\/wp-content\/uploads\/2025\/10\/2510_Zukunftsmesse_T1-300x200.png 300w, https:\/\/www.hs-kabeltechnik.at\/wp-content\/uploads\/2025\/10\/2510_Zukunftsmesse_T1-768x512.png 768w, https:\/\/www.hs-kabeltechnik.at\/wp-content\/uploads\/2025\/10\/2510_Zukunftsmesse_T1.png 1184w\" sizes=\"(max-width: 1024px) 100vw, 1024px\" \/><\/div>\n\t\t<\/a>\n\t\t\t\t<div class=\"elementor-post__text\">\n\t\t\t\t<h3 class=\"elementor-post__title\">\n\t\t\t<a href=\"https:\/\/www.hs-kabeltechnik.at\/fr\/foire-de-lavenir-schaerding-2025\/\" >\n\t\t\t\tFoire de l\u2019avenir Sch\u00e4rding 2025\t\t\t<\/a>\n\t\t<\/h3>\n\t\t\t\t<div class=\"elementor-post__excerpt\">\n\t\t\t<p>2025 : Les 17 et 18 octobre 2025, le Salon du Futur Sch\u00e4rding a de nouveau ouvert ses portes, et nous y \u00e9tions pr\u00e9sents en tant qu\u2019exposant. Vous trouverez plus d\u2019informations ici.<\/p>\n\t\t<\/div>\n\t\t\n\t\t<a class=\"elementor-post__read-more\" href=\"https:\/\/www.hs-kabeltechnik.at\/fr\/foire-de-lavenir-schaerding-2025\/\" aria-label=\"En savoir plus sur Foire de l\u2019avenir Sch\u00e4rding 2025\" tabindex=\"-1\" >\n\t\t\tPLUS\t\t<\/a>\n\n\t\t\t\t<\/div>\n\t\t\t\t<\/article>\n\t\t\t\t<article class=\"elementor-post elementor-grid-item post-11583 post type-post status-publish format-standard has-post-thumbnail category-non-classifiee tag-expobiomasa-fr entry\" role=\"listitem\">\n\t\t\t\t<a class=\"elementor-post__thumbnail__link\" href=\"https:\/\/www.hs-kabeltechnik.at\/fr\/expobiomasa-valladolid-2025\/\" tabindex=\"-1\" >\n\t\t\t<div class=\"elementor-post__thumbnail\"><img loading=\"lazy\" decoding=\"async\" width=\"1024\" height=\"577\" src=\"https:\/\/www.hs-kabeltechnik.at\/wp-content\/uploads\/2025\/05\/Fahnen-Eingang-HS-Sensortechnik-1024x577.jpg\" class=\"attachment-large size-large wp-image-11560\" alt=\"Expo Biomasa H&amp;S Kabeltechnik\" srcset=\"https:\/\/www.hs-kabeltechnik.at\/wp-content\/uploads\/2025\/05\/Fahnen-Eingang-HS-Sensortechnik-1024x577.jpg 1024w, https:\/\/www.hs-kabeltechnik.at\/wp-content\/uploads\/2025\/05\/Fahnen-Eingang-HS-Sensortechnik-300x169.jpg 300w, https:\/\/www.hs-kabeltechnik.at\/wp-content\/uploads\/2025\/05\/Fahnen-Eingang-HS-Sensortechnik-768x432.jpg 768w, https:\/\/www.hs-kabeltechnik.at\/wp-content\/uploads\/2025\/05\/Fahnen-Eingang-HS-Sensortechnik-1536x865.jpg 1536w, https:\/\/www.hs-kabeltechnik.at\/wp-content\/uploads\/2025\/05\/Fahnen-Eingang-HS-Sensortechnik-2048x1153.jpg 2048w\" sizes=\"(max-width: 1024px) 100vw, 1024px\" \/><\/div>\n\t\t<\/a>\n\t\t\t\t<div class=\"elementor-post__text\">\n\t\t\t\t<h3 class=\"elementor-post__title\">\n\t\t\t<a href=\"https:\/\/www.hs-kabeltechnik.at\/fr\/expobiomasa-valladolid-2025\/\" >\n\t\t\t\tExpobiomasa Valladolid 2025\t\t\t<\/a>\n\t\t<\/h3>\n\t\t\t\t<div class=\"elementor-post__excerpt\">\n\t\t\t<p>2025 : solutions efficaces et ressources renouvelables a distingu\u00e9 l&rsquo;Expobiomasa \u00e0 Valladolid. Dans le cadre de WKO, nous pr\u00e9sentons nos produits. <\/p>\n\t\t<\/div>\n\t\t\n\t\t<a class=\"elementor-post__read-more\" href=\"https:\/\/www.hs-kabeltechnik.at\/fr\/expobiomasa-valladolid-2025\/\" aria-label=\"En savoir plus sur Expobiomasa Valladolid 2025\" tabindex=\"-1\" >\n\t\t\tPLUS\t\t<\/a>\n\n\t\t\t\t<\/div>\n\t\t\t\t<\/article>\n\t\t\t\t<article class=\"elementor-post elementor-grid-item post-11355 post type-post status-publish format-standard has-post-thumbnail category-non-classifiee tag-ish-fr entry\" role=\"listitem\">\n\t\t\t\t<a class=\"elementor-post__thumbnail__link\" href=\"https:\/\/www.hs-kabeltechnik.at\/fr\/ish-francfort-2025\/\" tabindex=\"-1\" >\n\t\t\t<div class=\"elementor-post__thumbnail\"><img loading=\"lazy\" decoding=\"async\" width=\"1024\" height=\"825\" src=\"https:\/\/www.hs-kabeltechnik.at\/wp-content\/uploads\/2025\/03\/Messestand-2025-Messestand-mit-neuem-Design-ISH-1024x825.png\" class=\"attachment-large size-large wp-image-11321\" alt=\"Stand d&#039;exposition 2025 Stand d&#039;exposition avec un nouveau design ISH\" srcset=\"https:\/\/www.hs-kabeltechnik.at\/wp-content\/uploads\/2025\/03\/Messestand-2025-Messestand-mit-neuem-Design-ISH-1024x825.png 1024w, https:\/\/www.hs-kabeltechnik.at\/wp-content\/uploads\/2025\/03\/Messestand-2025-Messestand-mit-neuem-Design-ISH-300x242.png 300w, https:\/\/www.hs-kabeltechnik.at\/wp-content\/uploads\/2025\/03\/Messestand-2025-Messestand-mit-neuem-Design-ISH-768x618.png 768w, https:\/\/www.hs-kabeltechnik.at\/wp-content\/uploads\/2025\/03\/Messestand-2025-Messestand-mit-neuem-Design-ISH-1536x1237.png 1536w, https:\/\/www.hs-kabeltechnik.at\/wp-content\/uploads\/2025\/03\/Messestand-2025-Messestand-mit-neuem-Design-ISH-2048x1649.png 2048w\" sizes=\"(max-width: 1024px) 100vw, 1024px\" \/><\/div>\n\t\t<\/a>\n\t\t\t\t<div class=\"elementor-post__text\">\n\t\t\t\t<h3 class=\"elementor-post__title\">\n\t\t\t<a href=\"https:\/\/www.hs-kabeltechnik.at\/fr\/ish-francfort-2025\/\" >\n\t\t\t\tISH Francfort 2025\t\t\t<\/a>\n\t\t<\/h3>\n\t\t\t\t<div class=\"elementor-post__excerpt\">\n\t\t\t<p>2025 : num\u00e9risation &#038; durabilit\u00e9 &#8211; l&rsquo;ISH Francfort de cette ann\u00e9e montre le chemin vers l&rsquo;avenir avec des produits innovants. Nous aussi, en tant que H&#038;S, avons pr\u00e9sent\u00e9 deux nouveaux produits dans notre portfolio.<\/p>\n\t\t<\/div>\n\t\t\n\t\t<a class=\"elementor-post__read-more\" href=\"https:\/\/www.hs-kabeltechnik.at\/fr\/ish-francfort-2025\/\" aria-label=\"En savoir plus sur ISH Francfort 2025\" tabindex=\"-1\" >\n\t\t\tPLUS\t\t<\/a>\n\n\t\t\t\t<\/div>\n\t\t\t\t<\/article>\n\t\t\t\t<article class=\"elementor-post elementor-grid-item post-10543 post type-post status-publish format-standard has-post-thumbnail category-non-classifiee tag-electronica-fr tag-munich-fr entry\" role=\"listitem\">\n\t\t\t\t<a class=\"elementor-post__thumbnail__link\" href=\"https:\/\/www.hs-kabeltechnik.at\/fr\/electronica-munich-2024\/\" tabindex=\"-1\" >\n\t\t\t<div class=\"elementor-post__thumbnail\"><img loading=\"lazy\" decoding=\"async\" width=\"577\" height=\"1024\" src=\"https:\/\/www.hs-kabeltechnik.at\/wp-content\/uploads\/2024\/11\/Visit-us-577x1024.png\" class=\"attachment-large size-large wp-image-10503\" alt=\"Visitez-nous - Electronica\" srcset=\"https:\/\/www.hs-kabeltechnik.at\/wp-content\/uploads\/2024\/11\/Visit-us-577x1024.png 577w, https:\/\/www.hs-kabeltechnik.at\/wp-content\/uploads\/2024\/11\/Visit-us-169x300.png 169w, https:\/\/www.hs-kabeltechnik.at\/wp-content\/uploads\/2024\/11\/Visit-us-768x1364.png 768w, https:\/\/www.hs-kabeltechnik.at\/wp-content\/uploads\/2024\/11\/Visit-us-865x1536.png 865w, https:\/\/www.hs-kabeltechnik.at\/wp-content\/uploads\/2024\/11\/Visit-us-1153x2048.png 1153w\" sizes=\"(max-width: 577px) 100vw, 577px\" \/><\/div>\n\t\t<\/a>\n\t\t\t\t<div class=\"elementor-post__text\">\n\t\t\t\t<h3 class=\"elementor-post__title\">\n\t\t\t<a href=\"https:\/\/www.hs-kabeltechnik.at\/fr\/electronica-munich-2024\/\" >\n\t\t\t\tElectronica Munich 2024\t\t\t<\/a>\n\t\t<\/h3>\n\t\t\t\t<div class=\"elementor-post__excerpt\">\n\t\t\t<p>2024 : le futur rencontre le pr\u00e9sent au salon Electronica \u00e0 Munich. H&#038;S \u00e9tait l&rsquo;un des 3.480 exposants &#8211; Merci beaucoup pour votre visite !<\/p>\n\t\t<\/div>\n\t\t\n\t\t<a class=\"elementor-post__read-more\" href=\"https:\/\/www.hs-kabeltechnik.at\/fr\/electronica-munich-2024\/\" aria-label=\"En savoir plus sur Electronica Munich 2024\" tabindex=\"-1\" >\n\t\t\tPLUS\t\t<\/a>\n\n\t\t\t\t<\/div>\n\t\t\t\t<\/article>\n\t\t\t\t<article class=\"elementor-post elementor-grid-item post-10454 post type-post status-publish format-standard has-post-thumbnail category-non-classifiee tag-salon-du-futur entry\" role=\"listitem\">\n\t\t\t\t<a class=\"elementor-post__thumbnail__link\" href=\"https:\/\/www.hs-kabeltechnik.at\/fr\/foire-de-lavenir-schaerding-2024\/\" tabindex=\"-1\" >\n\t\t\t<div class=\"elementor-post__thumbnail\"><img loading=\"lazy\" decoding=\"async\" width=\"1024\" height=\"683\" src=\"https:\/\/www.hs-kabeltechnik.at\/wp-content\/uploads\/2024\/11\/Andreas-Melanie-Jonas-Lehrlingsmesse-1024x683.jpg\" class=\"attachment-large size-large wp-image-10400\" alt=\"Foire du futur notre personnel de stand le jour 2 1\" srcset=\"https:\/\/www.hs-kabeltechnik.at\/wp-content\/uploads\/2024\/11\/Andreas-Melanie-Jonas-Lehrlingsmesse-1024x683.jpg 1024w, https:\/\/www.hs-kabeltechnik.at\/wp-content\/uploads\/2024\/11\/Andreas-Melanie-Jonas-Lehrlingsmesse-300x200.jpg 300w, https:\/\/www.hs-kabeltechnik.at\/wp-content\/uploads\/2024\/11\/Andreas-Melanie-Jonas-Lehrlingsmesse-768x512.jpg 768w, https:\/\/www.hs-kabeltechnik.at\/wp-content\/uploads\/2024\/11\/Andreas-Melanie-Jonas-Lehrlingsmesse-1536x1024.jpg 1536w, https:\/\/www.hs-kabeltechnik.at\/wp-content\/uploads\/2024\/11\/Andreas-Melanie-Jonas-Lehrlingsmesse-2048x1365.jpg 2048w\" sizes=\"(max-width: 1024px) 100vw, 1024px\" \/><\/div>\n\t\t<\/a>\n\t\t\t\t<div class=\"elementor-post__text\">\n\t\t\t\t<h3 class=\"elementor-post__title\">\n\t\t\t<a href=\"https:\/\/www.hs-kabeltechnik.at\/fr\/foire-de-lavenir-schaerding-2024\/\" >\n\t\t\t\tFoire de l&rsquo;avenir Sch\u00e4rding 2024\t\t\t<\/a>\n\t\t<\/h3>\n\t\t\t\t<div class=\"elementor-post__excerpt\">\n\t\t\t<p>2024 : Avec 71 exposants, la Foire de l&rsquo;Avenir compte parmi les salons les plus importants pour les jeunes &#038; les professions dans la r\u00e9gion. <\/p>\n\t\t<\/div>\n\t\t\n\t\t<a class=\"elementor-post__read-more\" href=\"https:\/\/www.hs-kabeltechnik.at\/fr\/foire-de-lavenir-schaerding-2024\/\" aria-label=\"En savoir plus sur Foire de l&rsquo;avenir Sch\u00e4rding 2024\" tabindex=\"-1\" >\n\t\t\tPLUS\t\t<\/a>\n\n\t\t\t\t<\/div>\n\t\t\t\t<\/article>\n\t\t\t\t<article class=\"elementor-post elementor-grid-item post-9603 post type-post status-publish format-standard has-post-thumbnail category-non-classifiee tag-environnement entry\" role=\"listitem\">\n\t\t\t\t<a class=\"elementor-post__thumbnail__link\" href=\"https:\/\/www.hs-kabeltechnik.at\/fr\/hs-kabeltechnik-poursuit-sa-croissance\/\" tabindex=\"-1\" >\n\t\t\t<div class=\"elementor-post__thumbnail\"><img loading=\"lazy\" decoding=\"async\" width=\"1024\" height=\"768\" src=\"https:\/\/www.hs-kabeltechnik.at\/wp-content\/uploads\/2024\/03\/Spatenstich-1024x768.jpg\" class=\"attachment-large size-large wp-image-9595\" alt=\"Premier coup de pioche de H&amp;S Kabeltechnik\" srcset=\"https:\/\/www.hs-kabeltechnik.at\/wp-content\/uploads\/2024\/03\/Spatenstich-1024x768.jpg 1024w, https:\/\/www.hs-kabeltechnik.at\/wp-content\/uploads\/2024\/03\/Spatenstich-300x225.jpg 300w, https:\/\/www.hs-kabeltechnik.at\/wp-content\/uploads\/2024\/03\/Spatenstich-768x576.jpg 768w, https:\/\/www.hs-kabeltechnik.at\/wp-content\/uploads\/2024\/03\/Spatenstich-1536x1152.jpg 1536w, https:\/\/www.hs-kabeltechnik.at\/wp-content\/uploads\/2024\/03\/Spatenstich-2048x1536.jpg 2048w, https:\/\/www.hs-kabeltechnik.at\/wp-content\/uploads\/2024\/03\/Spatenstich-702x526.jpg 702w\" sizes=\"(max-width: 1024px) 100vw, 1024px\" \/><\/div>\n\t\t<\/a>\n\t\t\t\t<div class=\"elementor-post__text\">\n\t\t\t\t<h3 class=\"elementor-post__title\">\n\t\t\t<a href=\"https:\/\/www.hs-kabeltechnik.at\/fr\/hs-kabeltechnik-poursuit-sa-croissance\/\" >\n\t\t\t\tH&#038;S Kabeltechnik poursuit sa croissance !\t\t\t<\/a>\n\t\t<\/h3>\n\t\t\t\t<div class=\"elementor-post__excerpt\">\n\t\t\t<p>2024 : H&#038;S Kabeltechnik agrandit son si\u00e8ge social \u00e0 Enzenkirchen de 1.950m\u00b2.<\/p>\n\t\t<\/div>\n\t\t\n\t\t<a class=\"elementor-post__read-more\" href=\"https:\/\/www.hs-kabeltechnik.at\/fr\/hs-kabeltechnik-poursuit-sa-croissance\/\" aria-label=\"En savoir plus sur H&#038;S Kabeltechnik poursuit sa croissance !\" tabindex=\"-1\" >\n\t\t\tPLUS\t\t<\/a>\n\n\t\t\t\t<\/div>\n\t\t\t\t<\/article>\n\t\t\t\t<article class=\"elementor-post elementor-grid-item post-9564 post type-post status-publish format-standard has-post-thumbnail category-non-classifiee tag-environnement entry\" role=\"listitem\">\n\t\t\t\t<a class=\"elementor-post__thumbnail__link\" href=\"https:\/\/www.hs-kabeltechnik.at\/fr\/projet-messe-fire-2024\/\" tabindex=\"-1\" >\n\t\t\t<div class=\"elementor-post__thumbnail\"><img loading=\"lazy\" decoding=\"async\" width=\"1024\" height=\"510\" src=\"https:\/\/www.hs-kabeltechnik.at\/wp-content\/uploads\/2024\/03\/Messestand-Progetto-Fuoco-HS-Sensortechnik-1024x510.jpg\" class=\"attachment-large size-large wp-image-9534\" alt=\"Messe Progetto Fuoco H&amp;S Sensortechnik\" srcset=\"https:\/\/www.hs-kabeltechnik.at\/wp-content\/uploads\/2024\/03\/Messestand-Progetto-Fuoco-HS-Sensortechnik-1024x510.jpg 1024w, https:\/\/www.hs-kabeltechnik.at\/wp-content\/uploads\/2024\/03\/Messestand-Progetto-Fuoco-HS-Sensortechnik-300x149.jpg 300w, https:\/\/www.hs-kabeltechnik.at\/wp-content\/uploads\/2024\/03\/Messestand-Progetto-Fuoco-HS-Sensortechnik-768x382.jpg 768w, https:\/\/www.hs-kabeltechnik.at\/wp-content\/uploads\/2024\/03\/Messestand-Progetto-Fuoco-HS-Sensortechnik-1536x765.jpg 1536w, https:\/\/www.hs-kabeltechnik.at\/wp-content\/uploads\/2024\/03\/Messestand-Progetto-Fuoco-HS-Sensortechnik-2048x1019.jpg 2048w\" sizes=\"(max-width: 1024px) 100vw, 1024px\" \/><\/div>\n\t\t<\/a>\n\t\t\t\t<div class=\"elementor-post__text\">\n\t\t\t\t<h3 class=\"elementor-post__title\">\n\t\t\t<a href=\"https:\/\/www.hs-kabeltechnik.at\/fr\/projet-messe-fire-2024\/\" >\n\t\t\t\tProjet Messe Fire 2024\t\t\t<\/a>\n\t\t<\/h3>\n\t\t\t\t<div class=\"elementor-post__excerpt\">\n\t\t\t<p>2024 : Merci beaucoup pour votre visite ! La 14e \u00e9dition du salon professionnel de V\u00e9rone a \u00e9t\u00e9 un succ\u00e8s \u00e0 tous points de vue.<\/p>\n\t\t<\/div>\n\t\t\n\t\t<a class=\"elementor-post__read-more\" href=\"https:\/\/www.hs-kabeltechnik.at\/fr\/projet-messe-fire-2024\/\" aria-label=\"En savoir plus sur Projet Messe Fire 2024\" tabindex=\"-1\" >\n\t\t\tPLUS\t\t<\/a>\n\n\t\t\t\t<\/div>\n\t\t\t\t<\/article>\n\t\t\t\t<article class=\"elementor-post elementor-grid-item post-7800 post type-post status-publish format-standard has-post-thumbnail category-non-classifiee tag-environnement entry\" role=\"listitem\">\n\t\t\t\t<a class=\"elementor-post__thumbnail__link\" href=\"https:\/\/www.hs-kabeltechnik.at\/fr\/offrir-de-la-joie-noel-dans-une-boite-a-chaussures\/\" tabindex=\"-1\" >\n\t\t\t<div class=\"elementor-post__thumbnail\"><img loading=\"lazy\" decoding=\"async\" width=\"976\" height=\"1024\" src=\"https:\/\/www.hs-kabeltechnik.at\/wp-content\/uploads\/2023\/11\/Weihnachten-im-Schuhkarton-976x1024.png\" class=\"attachment-large size-large wp-image-7707\" alt=\"Christmas presents for a good cause\" srcset=\"https:\/\/www.hs-kabeltechnik.at\/wp-content\/uploads\/2023\/11\/Weihnachten-im-Schuhkarton-976x1024.png 976w, https:\/\/www.hs-kabeltechnik.at\/wp-content\/uploads\/2023\/11\/Weihnachten-im-Schuhkarton-286x300.png 286w, https:\/\/www.hs-kabeltechnik.at\/wp-content\/uploads\/2023\/11\/Weihnachten-im-Schuhkarton-768x806.png 768w, https:\/\/www.hs-kabeltechnik.at\/wp-content\/uploads\/2023\/11\/Weihnachten-im-Schuhkarton-1463x1536.png 1463w, https:\/\/www.hs-kabeltechnik.at\/wp-content\/uploads\/2023\/11\/Weihnachten-im-Schuhkarton.png 1816w\" sizes=\"(max-width: 976px) 100vw, 976px\" \/><\/div>\n\t\t<\/a>\n\t\t\t\t<div class=\"elementor-post__text\">\n\t\t\t\t<h3 class=\"elementor-post__title\">\n\t\t\t<a href=\"https:\/\/www.hs-kabeltechnik.at\/fr\/offrir-de-la-joie-noel-dans-une-boite-a-chaussures\/\" >\n\t\t\t\tOffrir de la joie : No\u00ebl dans une bo\u00eete \u00e0 chaussures\t\t\t<\/a>\n\t\t<\/h3>\n\t\t\t\t<div class=\"elementor-post__excerpt\">\n\t\t\t<p>2023 : Offrir de la joie &#8211; H&#038;S Kabeltechnik participe pour la deuxi\u00e8me fois \u00e0 l&rsquo;action \u00ab\u00a0No\u00ebl dans une bo\u00eete \u00e0 chaussures\u00a0\u00bb.<\/p>\n\t\t<\/div>\n\t\t\n\t\t<a class=\"elementor-post__read-more\" href=\"https:\/\/www.hs-kabeltechnik.at\/fr\/offrir-de-la-joie-noel-dans-une-boite-a-chaussures\/\" aria-label=\"En savoir plus sur Offrir de la joie : No\u00ebl dans une bo\u00eete \u00e0 chaussures\" tabindex=\"-1\" >\n\t\t\tPLUS\t\t<\/a>\n\n\t\t\t\t<\/div>\n\t\t\t\t<\/article>\n\t\t\t\t<article class=\"elementor-post elementor-grid-item post-7500 post type-post status-publish format-standard has-post-thumbnail category-non-classifiee tag-environnement entry\" role=\"listitem\">\n\t\t\t\t<a class=\"elementor-post__thumbnail__link\" href=\"https:\/\/www.hs-kabeltechnik.at\/fr\/relance-du-site-web-hs-sensortechnik\/\" tabindex=\"-1\" >\n\t\t\t<div class=\"elementor-post__thumbnail\"><img loading=\"lazy\" decoding=\"async\" width=\"542\" height=\"401\" src=\"https:\/\/www.hs-kabeltechnik.at\/wp-content\/uploads\/2023\/11\/Shop-HS-Sensortechnik-Relaunch-Bild.jpg\" class=\"attachment-large size-large wp-image-7470\" alt=\"Shop H&amp;S Sensortechnik Relaunch\" srcset=\"https:\/\/www.hs-kabeltechnik.at\/wp-content\/uploads\/2023\/11\/Shop-HS-Sensortechnik-Relaunch-Bild.jpg 542w, https:\/\/www.hs-kabeltechnik.at\/wp-content\/uploads\/2023\/11\/Shop-HS-Sensortechnik-Relaunch-Bild-300x222.jpg 300w\" sizes=\"(max-width: 542px) 100vw, 542px\" \/><\/div>\n\t\t<\/a>\n\t\t\t\t<div class=\"elementor-post__text\">\n\t\t\t\t<h3 class=\"elementor-post__title\">\n\t\t\t<a href=\"https:\/\/www.hs-kabeltechnik.at\/fr\/relance-du-site-web-hs-sensortechnik\/\" >\n\t\t\t\tRelance du site web H&#038;S Sensortechnik\t\t\t<\/a>\n\t\t<\/h3>\n\t\t\t\t<div class=\"elementor-post__excerpt\">\n\t\t\t<p>2023 : Le temps d&rsquo;un lifting &#8211; H&#038;S Sensortechnik a un nouveau site web ainsi qu&rsquo;une nouvelle boutique.<\/p>\n\t\t<\/div>\n\t\t\n\t\t<a class=\"elementor-post__read-more\" href=\"https:\/\/www.hs-kabeltechnik.at\/fr\/relance-du-site-web-hs-sensortechnik\/\" aria-label=\"En savoir plus sur Relance du site web H&#038;S Sensortechnik\" tabindex=\"-1\" >\n\t\t\tPLUS\t\t<\/a>\n\n\t\t\t\t<\/div>\n\t\t\t\t<\/article>\n\t\t\t\t<article class=\"elementor-post elementor-grid-item post-7510 post type-post status-publish format-standard has-post-thumbnail category-non-classifiee tag-environnement entry\" role=\"listitem\">\n\t\t\t\t<a class=\"elementor-post__thumbnail__link\" href=\"https:\/\/www.hs-kabeltechnik.at\/fr\/hs-kabeltechnik-en-fete\/\" tabindex=\"-1\" >\n\t\t\t<div class=\"elementor-post__thumbnail\"><img loading=\"lazy\" decoding=\"async\" width=\"1024\" height=\"576\" src=\"https:\/\/www.hs-kabeltechnik.at\/wp-content\/uploads\/2023\/09\/P1040492-1024x576.jpg\" class=\"attachment-large size-large wp-image-7458\" alt=\"F\u00eate de l&#039;\u00e9t\u00e9 2023 H&amp;S Kabeltechnik\" srcset=\"https:\/\/www.hs-kabeltechnik.at\/wp-content\/uploads\/2023\/09\/P1040492-1024x576.jpg 1024w, https:\/\/www.hs-kabeltechnik.at\/wp-content\/uploads\/2023\/09\/P1040492-300x169.jpg 300w, https:\/\/www.hs-kabeltechnik.at\/wp-content\/uploads\/2023\/09\/P1040492-768x432.jpg 768w, https:\/\/www.hs-kabeltechnik.at\/wp-content\/uploads\/2023\/09\/P1040492-1536x864.jpg 1536w, https:\/\/www.hs-kabeltechnik.at\/wp-content\/uploads\/2023\/09\/P1040492-2048x1152.jpg 2048w\" sizes=\"(max-width: 1024px) 100vw, 1024px\" \/><\/div>\n\t\t<\/a>\n\t\t\t\t<div class=\"elementor-post__text\">\n\t\t\t\t<h3 class=\"elementor-post__title\">\n\t\t\t<a href=\"https:\/\/www.hs-kabeltechnik.at\/fr\/hs-kabeltechnik-en-fete\/\" >\n\t\t\t\tH&#038;S Kabeltechnik en f\u00eate\t\t\t<\/a>\n\t\t<\/h3>\n\t\t\t\t<div class=\"elementor-post__excerpt\">\n\t\t\t<p>2023 : H&#038;S dans une ambiance de f\u00eate. La f\u00eate d&rsquo;\u00e9t\u00e9 annuelle avec l&rsquo;ensemble du personnel est une tradition chez nous.<\/p>\n\t\t<\/div>\n\t\t\n\t\t<a class=\"elementor-post__read-more\" href=\"https:\/\/www.hs-kabeltechnik.at\/fr\/hs-kabeltechnik-en-fete\/\" aria-label=\"En savoir plus sur H&#038;S Kabeltechnik en f\u00eate\" tabindex=\"-1\" >\n\t\t\tPLUS\t\t<\/a>\n\n\t\t\t\t<\/div>\n\t\t\t\t<\/article>\n\t\t\t\t<\/div>\n\t\t\n\t\t\t\t<div class=\"e-load-more-anchor\" data-page=\"1\" data-max-page=\"3\" data-next-page=\"https:\/\/www.hs-kabeltechnik.at\/fr\/wp-json\/wp\/v2\/pages\/714\/page\/2\/\"><\/div>\n\t\t\t\t<nav class=\"elementor-pagination\" aria-label=\"Pagination\">\n\t\t\t<span aria-current=\"page\" class=\"page-numbers current\"><span class=\"elementor-screen-only\">Page<\/span>1<\/span>\n<a class=\"page-numbers\" href=\"https:\/\/www.hs-kabeltechnik.at\/fr\/wp-json\/wp\/v2\/pages\/714\/page\/2\/\"><span class=\"elementor-screen-only\">Page<\/span>2<\/a>\n<a class=\"page-numbers\" href=\"https:\/\/www.hs-kabeltechnik.at\/fr\/wp-json\/wp\/v2\/pages\/714\/page\/3\/\"><span class=\"elementor-screen-only\">Page<\/span>3<\/a>\t\t<\/nav>\n\t\t\t\t\t\t<\/div>\n\t\t\t\t<\/div>\n\t\t\t\t\t<\/div>\n\t\t<\/div>\n\t\t\t\t\t<\/div>\n\t\t<\/section>\n\t\t\t\t<section class=\"elementor-section elementor-top-section elementor-element elementor-element-7d5d74e4 elementor-section-full_width elementor-section-stretched elementor-section-height-default elementor-section-height-default\" data-id=\"7d5d74e4\" data-element_type=\"section\" data-settings=\"{&quot;stretch_section&quot;:&quot;section-stretched&quot;,&quot;background_background&quot;:&quot;classic&quot;}\">\n\t\t\t\t\t\t<div class=\"elementor-container elementor-column-gap-default\">\n\t\t\t\t\t<div class=\"elementor-column elementor-col-100 elementor-top-column elementor-element elementor-element-bd0e275\" data-id=\"bd0e275\" data-element_type=\"column\">\n\t\t\t<div class=\"elementor-widget-wrap elementor-element-populated\">\n\t\t\t\t\t\t<section class=\"elementor-section elementor-inner-section elementor-element elementor-element-216436f7 elementor-section-boxed elementor-section-height-default elementor-section-height-default\" data-id=\"216436f7\" data-element_type=\"section\">\n\t\t\t\t\t\t<div class=\"elementor-container elementor-column-gap-default\">\n\t\t\t\t\t<div class=\"elementor-column elementor-col-20 elementor-inner-column elementor-element elementor-element-7eca3800\" data-id=\"7eca3800\" data-element_type=\"column\">\n\t\t\t<div class=\"elementor-widget-wrap elementor-element-populated\">\n\t\t\t\t\t\t<div class=\"elementor-element elementor-element-34422180 elementor-widget elementor-widget-heading\" data-id=\"34422180\" data-element_type=\"widget\" data-widget_type=\"heading.default\">\n\t\t\t\t<div class=\"elementor-widget-container\">\n\t\t\t\t\t<h3 class=\"elementor-heading-title elementor-size-default\">Tu souhaites mieux nous conna\u00eetre ?<\/h3>\t\t\t\t<\/div>\n\t\t\t\t<\/div>\n\t\t\t\t<div class=\"elementor-element elementor-element-d8a9ffc elementor-widget elementor-widget-text-editor\" data-id=\"d8a9ffc\" data-element_type=\"widget\" data-widget_type=\"text-editor.default\">\n\t\t\t\t<div class=\"elementor-widget-container\">\n\t\t\t\t\t\t\t\t\t<p>Tu trouveras sur nos r\u00e9seaux sociaux un aper\u00e7u authentique de notre philosophie. Sans filtre, simplement tels que nous sommes vraiment.<\/p>\n\t\t\t\t\t\t\t\t<\/div>\n\t\t\t\t<\/div>\n\t\t\t\t\t<\/div>\n\t\t<\/div>\n\t\t\t\t<div class=\"elementor-column elementor-col-20 elementor-inner-column elementor-element elementor-element-10820d0c\" data-id=\"10820d0c\" data-element_type=\"column\">\n\t\t\t<div class=\"elementor-widget-wrap elementor-element-populated\">\n\t\t\t\t\t\t<div class=\"elementor-element elementor-element-6841db8 elementor-view-default elementor-widget elementor-widget-icon\" data-id=\"6841db8\" data-element_type=\"widget\" data-widget_type=\"icon.default\">\n\t\t\t\t<div class=\"elementor-widget-container\">\n\t\t\t\t\t\t\t<div class=\"elementor-icon-wrapper\">\n\t\t\t<a class=\"elementor-icon elementor-animation-shrink\" href=\"https:\/\/www.facebook.com\/profile.php?id=100057350804699\" rel=\"noopener\">\n\t\t\t<i aria-hidden=\"true\" class=\"icon icon-Facebook\"><\/i>\t\t\t<\/a>\n\t\t<\/div>\n\t\t\t\t\t\t<\/div>\n\t\t\t\t<\/div>\n\t\t\t\t\t<\/div>\n\t\t<\/div>\n\t\t\t\t<div class=\"elementor-column elementor-col-20 elementor-inner-column elementor-element elementor-element-289b380c\" data-id=\"289b380c\" data-element_type=\"column\">\n\t\t\t<div class=\"elementor-widget-wrap elementor-element-populated\">\n\t\t\t\t\t\t<div class=\"elementor-element elementor-element-7a1fc11 elementor-view-default elementor-widget elementor-widget-icon\" data-id=\"7a1fc11\" data-element_type=\"widget\" data-widget_type=\"icon.default\">\n\t\t\t\t<div class=\"elementor-widget-container\">\n\t\t\t\t\t\t\t<div class=\"elementor-icon-wrapper\">\n\t\t\t<a class=\"elementor-icon elementor-animation-shrink\" href=\"https:\/\/www.instagram.com\/hskabeltechnik\/\" rel=\"noopener\">\n\t\t\t<i aria-hidden=\"true\" class=\"icon icon-Instagram\"><\/i>\t\t\t<\/a>\n\t\t<\/div>\n\t\t\t\t\t\t<\/div>\n\t\t\t\t<\/div>\n\t\t\t\t\t<\/div>\n\t\t<\/div>\n\t\t\t\t<div class=\"elementor-column elementor-col-20 elementor-inner-column elementor-element elementor-element-cdd4947\" data-id=\"cdd4947\" data-element_type=\"column\">\n\t\t\t<div class=\"elementor-widget-wrap elementor-element-populated\">\n\t\t\t\t\t\t<div class=\"elementor-element elementor-element-48607fb elementor-view-default elementor-widget elementor-widget-icon\" data-id=\"48607fb\" data-element_type=\"widget\" data-widget_type=\"icon.default\">\n\t\t\t\t<div class=\"elementor-widget-container\">\n\t\t\t\t\t\t\t<div class=\"elementor-icon-wrapper\">\n\t\t\t<a class=\"elementor-icon elementor-animation-shrink\" href=\"https:\/\/www.linkedin.com\/company\/hskabeltechnik\" rel=\"noopener\">\n\t\t\t<i aria-hidden=\"true\" class=\"icon icon-LinkedIn\"><\/i>\t\t\t<\/a>\n\t\t<\/div>\n\t\t\t\t\t\t<\/div>\n\t\t\t\t<\/div>\n\t\t\t\t\t<\/div>\n\t\t<\/div>\n\t\t\t\t<div class=\"elementor-column elementor-col-20 elementor-inner-column elementor-element elementor-element-54c1b239\" data-id=\"54c1b239\" data-element_type=\"column\">\n\t\t\t<div class=\"elementor-widget-wrap elementor-element-populated\">\n\t\t\t\t\t\t<div class=\"elementor-element elementor-element-1f27e0a1 elementor-view-default elementor-widget elementor-widget-icon\" data-id=\"1f27e0a1\" data-element_type=\"widget\" data-widget_type=\"icon.default\">\n\t\t\t\t<div class=\"elementor-widget-container\">\n\t\t\t\t\t\t\t<div class=\"elementor-icon-wrapper\">\n\t\t\t<a class=\"elementor-icon elementor-animation-shrink\" href=\"https:\/\/www.youtube.com\/channel\/UCdZc7sfcsTuieG3ZDOJ-RDw\" rel=\"noopener\">\n\t\t\t<i aria-hidden=\"true\" class=\"icon icon-Youtube\"><\/i>\t\t\t<\/a>\n\t\t<\/div>\n\t\t\t\t\t\t<\/div>\n\t\t\t\t<\/div>\n\t\t\t\t\t<\/div>\n\t\t<\/div>\n\t\t\t\t\t<\/div>\n\t\t<\/section>\n\t\t\t\t\t<\/div>\n\t\t<\/div>\n\t\t\t\t\t<\/div>\n\t\t<\/section>\n\t\t\t\t<\/div>\n\t\t","protected":false},"excerpt":{"rendered":"<p>Tu souhaites mieux nous conna\u00eetre ? Tu trouveras sur nos r\u00e9seaux sociaux un aper\u00e7u authentique de notre philosophie. Sans filtre, simplement tels que nous sommes vraiment.<\/p>\n","protected":false},"author":12,"featured_media":0,"parent":0,"menu_order":0,"comment_status":"closed","ping_status":"closed","template":"","meta":{"_acf_changed":false,"_genesis_hide_title":false,"_genesis_hide_breadcrumbs":false,"_genesis_hide_singular_image":false,"_genesis_hide_footer_widgets":false,"_genesis_custom_body_class":"","_genesis_custom_post_class":"","_genesis_layout":"","footnotes":""},"class_list":{"0":"post-714","1":"page","2":"type-page","3":"status-publish","5":"entry"},"acf":[],"_links":{"self":[{"href":"https:\/\/www.hs-kabeltechnik.at\/fr\/wp-json\/wp\/v2\/pages\/714","targetHints":{"allow":["GET"]}}],"collection":[{"href":"https:\/\/www.hs-kabeltechnik.at\/fr\/wp-json\/wp\/v2\/pages"}],"about":[{"href":"https:\/\/www.hs-kabeltechnik.at\/fr\/wp-json\/wp\/v2\/types\/page"}],"author":[{"embeddable":true,"href":"https:\/\/www.hs-kabeltechnik.at\/fr\/wp-json\/wp\/v2\/users\/12"}],"replies":[{"embeddable":true,"href":"https:\/\/www.hs-kabeltechnik.at\/fr\/wp-json\/wp\/v2\/comments?post=714"}],"version-history":[{"count":8,"href":"https:\/\/www.hs-kabeltechnik.at\/fr\/wp-json\/wp\/v2\/pages\/714\/revisions"}],"predecessor-version":[{"id":13789,"href":"https:\/\/www.hs-kabeltechnik.at\/fr\/wp-json\/wp\/v2\/pages\/714\/revisions\/13789"}],"wp:attachment":[{"href":"https:\/\/www.hs-kabeltechnik.at\/fr\/wp-json\/wp\/v2\/media?parent=714"}],"curies":[{"name":"wp","href":"https:\/\/api.w.org\/{rel}","templated":true}]}}